{"id":7194,"date":"2022-10-09T01:22:24","date_gmt":"2022-10-09T01:22:24","guid":{"rendered":"https:\/\/cancamades.com\/services\/"},"modified":"2025-09-30T16:38:34","modified_gmt":"2025-09-30T16:38:34","slug":"restaurants","status":"publish","type":"page","link":"https:\/\/cancamades.com\/fr\/restaurants\/","title":{"rendered":"Restaurants"},"content":{"rendered":"\t\t<div data-elementor-type=\"wp-page\" data-elementor-id=\"7194\" class=\"elementor elementor-7194 elementor-647\">\n\t\t\t\t\t\t<section class=\"elementor-section elementor-top-section elementor-element elementor-element-ce7c553 elementor-section-boxed elementor-section-gap-beside-yes elementor-section-height-default elementor-section-height-default elementor-section-column-vertical-align-stretch\" data-id=\"ce7c553\" data-element_type=\"section\">\n\t\t\t\t\t\t<div class=\"elementor-container elementor-column-gap-extended\">\n\t\t\t\t\t<div class=\"elementor-column elementor-col-50 elementor-top-column elementor-element elementor-element-f2a6f0a\" data-id=\"f2a6f0a\" data-element_type=\"column\">\n\t\t\t<div class=\"elementor-widget-wrap elementor-element-populated\">\n\t\t\t\t\t\t<div class=\"elementor-element elementor-element-b40b96e elementor-widget elementor-widget-nuss-image\" data-id=\"b40b96e\" data-element_type=\"widget\" data-widget_type=\"nuss-image.default\">\n\t\t\t\t<div class=\"elementor-widget-container\">\n\t\t\t\t\t\t\t\t\t\t<div class=\"elementor-image\">\r\n\t\t\t\t\t\t\t\t\t\t\t\t<img fetchpriority=\"high\" decoding=\"async\" width=\"680\" height=\"382\" src=\"https:\/\/cancamades.com\/wp-content\/uploads\/2022\/12\/Bar-Empordanet.jpg\" class=\"attachment-large size-large wp-image-9448\" alt=\"A cozy outdoor bar called Bar l&#039;Emportadet with outdoor seating, located in a sunny area with a simple, welcoming atmosphere and a bicycle parked outside.\" srcset=\"https:\/\/cancamades.com\/wp-content\/uploads\/2022\/12\/Bar-Empordanet.jpg 680w, https:\/\/cancamades.com\/wp-content\/uploads\/2022\/12\/Bar-Empordanet-300x169.jpg 300w, https:\/\/cancamades.com\/wp-content\/uploads\/2022\/12\/Bar-Empordanet-600x337.jpg 600w\" sizes=\"(max-width: 680px) 100vw, 680px\" \/>\t\t\t\t\t\t\t\t\t\t\t\t\t\t<\/div>\r\n\t\t\t\t\t\t\t\t<\/div>\n\t\t\t\t<\/div>\n\t\t\t\t\t<\/div>\n\t\t<\/div>\n\t\t\t\t<div class=\"elementor-column elementor-col-50 elementor-top-column elementor-element elementor-element-c6ba010\" data-id=\"c6ba010\" data-element_type=\"column\">\n\t\t\t<div class=\"elementor-widget-wrap elementor-element-populated\">\n\t\t\t\t\t\t<div class=\"elementor-element elementor-element-590da5d elementor-widget elementor-widget-nuss-heading\" data-id=\"590da5d\" data-element_type=\"widget\" data-widget_type=\"nuss-heading.default\">\n\t\t\t\t<div class=\"elementor-widget-container\">\n\t\t\t\t\t\t\t<div class=\"nuss-modern-heading\">\r\n\t\t\t\r\n\t\t\t\t\t\t<div class=\"heading-primary-wrap\">\r\n\t\t\t\t<h2 class=\"heading-primary elementor-heading-title\">Empordanet (2 minutes)<\/h2>\t\t\t<\/div>\r\n\t\t\r\n\t\t\t\r\n\t\t\t\t\t\t<div class=\"heading-description-wrap\">\r\n\t\t\t\t<div class=\"heading-description\">\r\n\t\t\t\t\t<p>Situ\u00e9 dans La Tallada d'Empord\u00e0. Il est sp\u00e9cialis\u00e9 dans la cuisine traditionnelle catalane et accorde une grande attention aux produits de saison tels que les escargots et les champignons, ainsi qu'aux l\u00e9gumes de chaque saison de l'ann\u00e9e. C'est pourquoi ses plats remarquables sont les escargots mijot\u00e9s, le riz en cocotte et d'autres comme les saucisses aux champignons.<\/p>\t\t\t\t<\/div>\r\n\t\t\t<\/div>\r\n\t\t\t\t<\/div>\r\n\t\t\t\t\t<\/div>\n\t\t\t\t<\/div>\n\t\t\t\t<div class=\"elementor-element elementor-element-1a86444 elementor-widget elementor-widget-button\" data-id=\"1a86444\" data-element_type=\"widget\" data-widget_type=\"button.default\">\n\t\t\t\t<div class=\"elementor-widget-container\">\n\t\t\t\t\t\t\t\t\t<div class=\"elementor-button-wrapper\">\n\t\t\t\t\t<a class=\"elementor-button elementor-button-link elementor-size-sm\" href=\"https:\/\/goo.gl\/maps\/3JMpaNyHsj2Akrtq7\">\n\t\t\t\t\t\t<span class=\"elementor-button-content-wrapper\">\n\t\t\t\t\t\t\t\t\t<span class=\"elementor-button-text\">Google Maps<\/span>\n\t\t\t\t\t<\/span>\n\t\t\t\t\t<\/a>\n\t\t\t\t<\/div>\n\t\t\t\t\t\t\t\t<\/div>\n\t\t\t\t<\/div>\n\t\t\t\t\t<\/div>\n\t\t<\/div>\n\t\t\t\t\t<\/div>\n\t\t<\/section>\n\t\t\t\t<section class=\"elementor-section elementor-top-section elementor-element elementor-element-54b0df6 elementor-section-boxed elementor-section-gap-beside-yes elementor-section-height-default elementor-section-height-default elementor-section-column-vertical-align-stretch\" data-id=\"54b0df6\" data-element_type=\"section\">\n\t\t\t\t\t\t<div class=\"elementor-container elementor-column-gap-extended\">\n\t\t\t\t\t<div class=\"elementor-column elementor-col-50 elementor-top-column elementor-element elementor-element-2a8cecd\" data-id=\"2a8cecd\" data-element_type=\"column\">\n\t\t\t<div class=\"elementor-widget-wrap elementor-element-populated\">\n\t\t\t\t\t\t<div class=\"elementor-element elementor-element-bc44fa1 elementor-widget elementor-widget-nuss-image\" data-id=\"bc44fa1\" data-element_type=\"widget\" data-widget_type=\"nuss-image.default\">\n\t\t\t\t<div class=\"elementor-widget-container\">\n\t\t\t\t\t\t\t\t\t\t<div class=\"elementor-image\">\r\n\t\t\t\t\t\t\t\t\t\t\t\t<img decoding=\"async\" width=\"382\" height=\"510\" src=\"https:\/\/cancamades.com\/wp-content\/uploads\/2022\/12\/Vicio-Mas-Sorrer.jpg\" class=\"attachment-large size-large wp-image-9453\" alt=\"Dimly lit entrance to Vicio Hot Spot with vibrant red lighting, lush plants lining the pathway, creating a cozy and energetic nightlife atmosphere perfect for social outings.\" srcset=\"https:\/\/cancamades.com\/wp-content\/uploads\/2022\/12\/Vicio-Mas-Sorrer.jpg 382w, https:\/\/cancamades.com\/wp-content\/uploads\/2022\/12\/Vicio-Mas-Sorrer-225x300.jpg 225w\" sizes=\"(max-width: 382px) 100vw, 382px\" \/>\t\t\t\t\t\t\t\t\t\t\t\t\t\t<\/div>\r\n\t\t\t\t\t\t\t\t<\/div>\n\t\t\t\t<\/div>\n\t\t\t\t\t<\/div>\n\t\t<\/div>\n\t\t\t\t<div class=\"elementor-column elementor-col-50 elementor-top-column elementor-element elementor-element-2f5a63a\" data-id=\"2f5a63a\" data-element_type=\"column\">\n\t\t\t<div class=\"elementor-widget-wrap elementor-element-populated\">\n\t\t\t\t\t\t<div class=\"elementor-element elementor-element-0c9e36b elementor-widget elementor-widget-nuss-heading\" data-id=\"0c9e36b\" data-element_type=\"widget\" data-widget_type=\"nuss-heading.default\">\n\t\t\t\t<div class=\"elementor-widget-container\">\n\t\t\t\t\t\t\t<div class=\"nuss-modern-heading\">\r\n\t\t\t\r\n\t\t\t\t\t\t<div class=\"heading-primary-wrap\">\r\n\t\t\t\t<h2 class=\"heading-primary elementor-heading-title\">Vicio - Mas Sorrer (15 minutes)<\/h2>\t\t\t<\/div>\r\n\t\t\r\n\t\t\t\r\n\t\t\t\t\t\t<div class=\"heading-description-wrap\">\r\n\t\t\t\t<div class=\"heading-description\">\r\n\t\t\t\t\t<p>Situ\u00e9 au sein du Mas Sorrer. La marque de hamburgers dirig\u00e9e par Aleix Puig, vainqueur de Masterchef 7, fabriquera ses burgers vedettes : le cheeseburger classique et le cheeseburger truff\u00e9. Le secret de toutes : du bon b\u0153uf vieilli \u00e0 sec de G\u00e9rone, du bon pain brioch\u00e9, du bon cheddar et de la sauce maison.<\/p>\t\t\t\t<\/div>\r\n\t\t\t<\/div>\r\n\t\t\t\t<\/div>\r\n\t\t\t\t\t<\/div>\n\t\t\t\t<\/div>\n\t\t\t\t<div class=\"elementor-element elementor-element-c09a9f3 elementor-widget elementor-widget-button\" data-id=\"c09a9f3\" data-element_type=\"widget\" data-widget_type=\"button.default\">\n\t\t\t\t<div class=\"elementor-widget-container\">\n\t\t\t\t\t\t\t\t\t<div class=\"elementor-button-wrapper\">\n\t\t\t\t\t<a class=\"elementor-button elementor-button-link elementor-size-sm\" href=\"https:\/\/goo.gl\/maps\/Zrd5GNmftjEcCSx88\">\n\t\t\t\t\t\t<span class=\"elementor-button-content-wrapper\">\n\t\t\t\t\t\t\t\t\t<span class=\"elementor-button-text\">Google Maps<\/span>\n\t\t\t\t\t<\/span>\n\t\t\t\t\t<\/a>\n\t\t\t\t<\/div>\n\t\t\t\t\t\t\t\t<\/div>\n\t\t\t\t<\/div>\n\t\t\t\t\t<\/div>\n\t\t<\/div>\n\t\t\t\t\t<\/div>\n\t\t<\/section>\n\t\t\t\t<section class=\"elementor-section elementor-top-section elementor-element elementor-element-c0d152f elementor-section-boxed elementor-section-gap-beside-yes elementor-section-height-default elementor-section-height-default elementor-section-column-vertical-align-stretch\" data-id=\"c0d152f\" data-element_type=\"section\">\n\t\t\t\t\t\t<div class=\"elementor-container elementor-column-gap-extended\">\n\t\t\t\t\t<div class=\"elementor-column elementor-col-50 elementor-top-column elementor-element elementor-element-2165b28\" data-id=\"2165b28\" data-element_type=\"column\">\n\t\t\t<div class=\"elementor-widget-wrap elementor-element-populated\">\n\t\t\t\t\t\t<div class=\"elementor-element elementor-element-47b414e elementor-widget elementor-widget-nuss-image\" data-id=\"47b414e\" data-element_type=\"widget\" data-widget_type=\"nuss-image.default\">\n\t\t\t\t<div class=\"elementor-widget-container\">\n\t\t\t\t\t\t\t\t\t\t<div class=\"elementor-image\">\r\n\t\t\t\t\t\t\t\t\t\t\t\t<img decoding=\"async\" width=\"371\" height=\"510\" src=\"https:\/\/cancamades.com\/wp-content\/uploads\/2022\/12\/Mooma-Sidreria.jpg\" class=\"attachment-large size-large wp-image-9458\" alt=\"Delicious assorted desserts and coffee on a wooden table, perfect for a cozy cafe experience.\" srcset=\"https:\/\/cancamades.com\/wp-content\/uploads\/2022\/12\/Mooma-Sidreria.jpg 371w, https:\/\/cancamades.com\/wp-content\/uploads\/2022\/12\/Mooma-Sidreria-218x300.jpg 218w\" sizes=\"(max-width: 371px) 100vw, 371px\" \/>\t\t\t\t\t\t\t\t\t\t\t\t\t\t<\/div>\r\n\t\t\t\t\t\t\t\t<\/div>\n\t\t\t\t<\/div>\n\t\t\t\t\t<\/div>\n\t\t<\/div>\n\t\t\t\t<div class=\"elementor-column elementor-col-50 elementor-top-column elementor-element elementor-element-e3b00da\" data-id=\"e3b00da\" data-element_type=\"column\">\n\t\t\t<div class=\"elementor-widget-wrap elementor-element-populated\">\n\t\t\t\t\t\t<div class=\"elementor-element elementor-element-d1d9e01 elementor-widget elementor-widget-nuss-heading\" data-id=\"d1d9e01\" data-element_type=\"widget\" data-widget_type=\"nuss-heading.default\">\n\t\t\t\t<div class=\"elementor-widget-container\">\n\t\t\t\t\t\t\t<div class=\"nuss-modern-heading\">\r\n\t\t\t\r\n\t\t\t\t\t\t<div class=\"heading-primary-wrap\">\r\n\t\t\t\t<h2 class=\"heading-primary elementor-heading-title\">Mooma - Sidreria (21 minutes)<\/h2>\t\t\t<\/div>\r\n\t\t\r\n\t\t\t\r\n\t\t\t\t\t\t<div class=\"heading-description-wrap\">\r\n\t\t\t\t<div class=\"heading-description\">\r\n\t\t\t\t\t<p>Mooma est situ\u00e9 au c\u0153ur de l'Empord\u00e0, juste \u00e0 l'ext\u00e9rieur de Palau-sator. C'est une ferme entour\u00e9e de pommiers avec de l'espace \u00e0 l'int\u00e9rieur et \u00e0 l'ext\u00e9rieur. Le menu propose une grande vari\u00e9t\u00e9 d'options :<br \/>salades, tapas, grillades\u2026 il y a des plats pour tous les go\u00fbts !<br \/>Il propose \u00e9galement des options v\u00e9g\u00e9tariennes et v\u00e9g\u00e9taliennes ainsi que des personnes coeliaques ou intol\u00e9rantes. Mais non seulement c'est un restaurant, mais vous pouvez aussi aller prendre un cidre ou, en \u00e9t\u00e9, un cocktail dans son Jardin.<\/p>\t\t\t\t<\/div>\r\n\t\t\t<\/div>\r\n\t\t\t\t<\/div>\r\n\t\t\t\t\t<\/div>\n\t\t\t\t<\/div>\n\t\t\t\t<div class=\"elementor-element elementor-element-1204c8b elementor-widget elementor-widget-button\" data-id=\"1204c8b\" data-element_type=\"widget\" data-widget_type=\"button.default\">\n\t\t\t\t<div class=\"elementor-widget-container\">\n\t\t\t\t\t\t\t\t\t<div class=\"elementor-button-wrapper\">\n\t\t\t\t\t<a class=\"elementor-button elementor-button-link elementor-size-sm\" href=\"https:\/\/goo.gl\/maps\/LKy2PEWRLsoDCrrd7\" target=\"_blank\">\n\t\t\t\t\t\t<span class=\"elementor-button-content-wrapper\">\n\t\t\t\t\t\t\t\t\t<span class=\"elementor-button-text\">Google Maps<\/span>\n\t\t\t\t\t<\/span>\n\t\t\t\t\t<\/a>\n\t\t\t\t<\/div>\n\t\t\t\t\t\t\t\t<\/div>\n\t\t\t\t<\/div>\n\t\t\t\t\t<\/div>\n\t\t<\/div>\n\t\t\t\t\t<\/div>\n\t\t<\/section>\n\t\t\t\t<section class=\"elementor-section elementor-top-section elementor-element elementor-element-82d24c7 elementor-section-boxed elementor-section-gap-beside-yes elementor-section-height-default elementor-section-height-default elementor-section-column-vertical-align-stretch\" data-id=\"82d24c7\" data-element_type=\"section\">\n\t\t\t\t\t\t<div class=\"elementor-container elementor-column-gap-extended\">\n\t\t\t\t\t<div class=\"elementor-column elementor-col-50 elementor-top-column elementor-element elementor-element-4a2a3b2\" data-id=\"4a2a3b2\" data-element_type=\"column\">\n\t\t\t<div class=\"elementor-widget-wrap elementor-element-populated\">\n\t\t\t\t\t\t<div class=\"elementor-element elementor-element-5751391 elementor-widget elementor-widget-nuss-image\" data-id=\"5751391\" data-element_type=\"widget\" data-widget_type=\"nuss-image.default\">\n\t\t\t\t<div class=\"elementor-widget-container\">\n\t\t\t\t\t\t\t\t\t\t<div class=\"elementor-image\">\r\n\t\t\t\t\t\t\t\t\t\t\t\t<img loading=\"lazy\" decoding=\"async\" width=\"806\" height=\"1024\" src=\"https:\/\/cancamades.com\/wp-content\/uploads\/2022\/12\/Olivia-Beach-Bar-806x1024.png\" class=\"attachment-large size-large wp-image-9463\" alt=\"Beachside bar at can camades with outdoor seating, shaded umbrellas, and view of the sandy beach with sunbathers and thatched parasols, perfect for relaxing seaside dining and drinks in Mallorca, Spain.\" srcset=\"https:\/\/cancamades.com\/wp-content\/uploads\/2022\/12\/Olivia-Beach-Bar-806x1024.png 806w, https:\/\/cancamades.com\/wp-content\/uploads\/2022\/12\/Olivia-Beach-Bar-236x300.png 236w, https:\/\/cancamades.com\/wp-content\/uploads\/2022\/12\/Olivia-Beach-Bar-768x976.png 768w, https:\/\/cancamades.com\/wp-content\/uploads\/2022\/12\/Olivia-Beach-Bar-600x762.png 600w, https:\/\/cancamades.com\/wp-content\/uploads\/2022\/12\/Olivia-Beach-Bar.png 936w\" sizes=\"(max-width: 806px) 100vw, 806px\" \/>\t\t\t\t\t\t\t\t\t\t\t\t\t\t<\/div>\r\n\t\t\t\t\t\t\t\t<\/div>\n\t\t\t\t<\/div>\n\t\t\t\t\t<\/div>\n\t\t<\/div>\n\t\t\t\t<div class=\"elementor-column elementor-col-50 elementor-top-column elementor-element elementor-element-2a9a7a6\" data-id=\"2a9a7a6\" data-element_type=\"column\">\n\t\t\t<div class=\"elementor-widget-wrap elementor-element-populated\">\n\t\t\t\t\t\t<div class=\"elementor-element elementor-element-859e9e3 elementor-widget elementor-widget-nuss-heading\" data-id=\"859e9e3\" data-element_type=\"widget\" data-widget_type=\"nuss-heading.default\">\n\t\t\t\t<div class=\"elementor-widget-container\">\n\t\t\t\t\t\t\t<div class=\"nuss-modern-heading\">\r\n\t\t\t\r\n\t\t\t\t\t\t<div class=\"heading-primary-wrap\">\r\n\t\t\t\t<h2 class=\"heading-primary elementor-heading-title\">Olivia - Beach Bar (15 minutes)<\/h2>\t\t\t<\/div>\r\n\t\t\r\n\t\t\t\r\n\t\t\t\t\t\t<div class=\"heading-description-wrap\">\r\n\t\t\t\t<div class=\"heading-description\">\r\n\t\t\t\t\t<p>Olivia est un bar de plage gastronomique avec une offre gastronomique unique gr\u00e2ce \u00e0 la fusion d'influences asiatiques, m\u00e9diterran\u00e9ennes et latino-am\u00e9ricaines. Chaque corner, plat et cocktail sont \u00e9labor\u00e9s dans les moindres d\u00e9tails pour offrir une exp\u00e9rience unique au bord de la M\u00e9diterran\u00e9e dans un cadre idyllique.<\/p>\t\t\t\t<\/div>\r\n\t\t\t<\/div>\r\n\t\t\t\t<\/div>\r\n\t\t\t\t\t<\/div>\n\t\t\t\t<\/div>\n\t\t\t\t<div class=\"elementor-element elementor-element-3d27c42 elementor-widget elementor-widget-button\" data-id=\"3d27c42\" data-element_type=\"widget\" data-widget_type=\"button.default\">\n\t\t\t\t<div class=\"elementor-widget-container\">\n\t\t\t\t\t\t\t\t\t<div class=\"elementor-button-wrapper\">\n\t\t\t\t\t<a class=\"elementor-button elementor-button-link elementor-size-sm\" href=\"https:\/\/goo.gl\/maps\/dhRkZsaLvptKoJof7\">\n\t\t\t\t\t\t<span class=\"elementor-button-content-wrapper\">\n\t\t\t\t\t\t\t\t\t<span class=\"elementor-button-text\">Google Maps<\/span>\n\t\t\t\t\t<\/span>\n\t\t\t\t\t<\/a>\n\t\t\t\t<\/div>\n\t\t\t\t\t\t\t\t<\/div>\n\t\t\t\t<\/div>\n\t\t\t\t\t<\/div>\n\t\t<\/div>\n\t\t\t\t\t<\/div>\n\t\t<\/section>\n\t\t\t\t<section class=\"elementor-section elementor-top-section elementor-element elementor-element-87d3a4b elementor-section-boxed elementor-section-gap-beside-yes elementor-section-height-default elementor-section-height-default elementor-section-column-vertical-align-stretch\" data-id=\"87d3a4b\" data-element_type=\"section\">\n\t\t\t\t\t\t<div class=\"elementor-container elementor-column-gap-extended\">\n\t\t\t\t\t<div class=\"elementor-column elementor-col-50 elementor-top-column elementor-element elementor-element-4df7269\" data-id=\"4df7269\" data-element_type=\"column\">\n\t\t\t<div class=\"elementor-widget-wrap elementor-element-populated\">\n\t\t\t\t\t\t<div class=\"elementor-element elementor-element-4090846 elementor-widget elementor-widget-nuss-image\" data-id=\"4090846\" data-element_type=\"widget\" data-widget_type=\"nuss-image.default\">\n\t\t\t\t<div class=\"elementor-widget-container\">\n\t\t\t\t\t\t\t\t\t\t<div class=\"elementor-image\">\r\n\t\t\t\t\t\t\t\t\t\t\t\t<img loading=\"lazy\" decoding=\"async\" width=\"382\" height=\"510\" src=\"https:\/\/cancamades.com\/wp-content\/uploads\/2022\/12\/Talla-Cadaques.jpg\" class=\"attachment-large size-large wp-image-9471\" alt=\"Idyllic seaside caf\u00e9 terrace with views of calm waters and white buildings under a partly cloudy sky, ideal for relaxing dining experiences.\" srcset=\"https:\/\/cancamades.com\/wp-content\/uploads\/2022\/12\/Talla-Cadaques.jpg 382w, https:\/\/cancamades.com\/wp-content\/uploads\/2022\/12\/Talla-Cadaques-225x300.jpg 225w\" sizes=\"(max-width: 382px) 100vw, 382px\" \/>\t\t\t\t\t\t\t\t\t\t\t\t\t\t<\/div>\r\n\t\t\t\t\t\t\t\t<\/div>\n\t\t\t\t<\/div>\n\t\t\t\t\t<\/div>\n\t\t<\/div>\n\t\t\t\t<div class=\"elementor-column elementor-col-50 elementor-top-column elementor-element elementor-element-823eba4\" data-id=\"823eba4\" data-element_type=\"column\">\n\t\t\t<div class=\"elementor-widget-wrap elementor-element-populated\">\n\t\t\t\t\t\t<div class=\"elementor-element elementor-element-bd6da40 elementor-widget elementor-widget-nuss-heading\" data-id=\"bd6da40\" data-element_type=\"widget\" data-widget_type=\"nuss-heading.default\">\n\t\t\t\t<div class=\"elementor-widget-container\">\n\t\t\t\t\t\t\t<div class=\"nuss-modern-heading\">\r\n\t\t\t\r\n\t\t\t\t\t\t<div class=\"heading-primary-wrap\">\r\n\t\t\t\t<h2 class=\"heading-primary elementor-heading-title\">Talla (55 minutes)<\/h2>\t\t\t<\/div>\r\n\t\t\r\n\t\t\t\r\n\t\t\t\t\t\t<div class=\"heading-description-wrap\">\r\n\t\t\t\t<div class=\"heading-description\">\r\n\t\t\t\t\t<p>Restaurant gastronomique dans la badia de Cadaqu\u00e9s. Capitaine pel xef Vito Oliva. Parfait pour une visite d'une journ\u00e9e dans la ville qui a inspir\u00e9 Salvador Dal\u00ed.<\/p>\t\t\t\t<\/div>\r\n\t\t\t<\/div>\r\n\t\t\t\t<\/div>\r\n\t\t\t\t\t<\/div>\n\t\t\t\t<\/div>\n\t\t\t\t<div class=\"elementor-element elementor-element-3589aff elementor-widget elementor-widget-button\" data-id=\"3589aff\" data-element_type=\"widget\" data-widget_type=\"button.default\">\n\t\t\t\t<div class=\"elementor-widget-container\">\n\t\t\t\t\t\t\t\t\t<div class=\"elementor-button-wrapper\">\n\t\t\t\t\t<a class=\"elementor-button elementor-button-link elementor-size-sm\" href=\"https:\/\/goo.gl\/maps\/5JAsH3yfn2desrnp8\">\n\t\t\t\t\t\t<span class=\"elementor-button-content-wrapper\">\n\t\t\t\t\t\t\t\t\t<span class=\"elementor-button-text\">Google Maps<\/span>\n\t\t\t\t\t<\/span>\n\t\t\t\t\t<\/a>\n\t\t\t\t<\/div>\n\t\t\t\t\t\t\t\t<\/div>\n\t\t\t\t<\/div>\n\t\t\t\t\t<\/div>\n\t\t<\/div>\n\t\t\t\t\t<\/div>\n\t\t<\/section>\n\t\t\t\t<section class=\"elementor-section elementor-top-section elementor-element elementor-element-f5009e8 elementor-section-boxed elementor-section-gap-beside-yes elementor-section-height-default elementor-section-height-default elementor-section-column-vertical-align-stretch\" data-id=\"f5009e8\" data-element_type=\"section\">\n\t\t\t\t\t\t<div class=\"elementor-container elementor-column-gap-extended\">\n\t\t\t\t\t<div class=\"elementor-column elementor-col-50 elementor-top-column elementor-element elementor-element-9ff6b5a\" data-id=\"9ff6b5a\" data-element_type=\"column\">\n\t\t\t<div class=\"elementor-widget-wrap elementor-element-populated\">\n\t\t\t\t\t\t<div class=\"elementor-element elementor-element-2c79e74 elementor-widget elementor-widget-nuss-image\" data-id=\"2c79e74\" data-element_type=\"widget\" data-widget_type=\"nuss-image.default\">\n\t\t\t\t<div class=\"elementor-widget-container\">\n\t\t\t\t\t\t\t\t\t\t<div class=\"elementor-image\">\r\n\t\t\t\t\t\t\t\t\t\t\t\t<img loading=\"lazy\" decoding=\"async\" width=\"680\" height=\"510\" src=\"https:\/\/cancamades.com\/wp-content\/uploads\/2022\/12\/Mas-Pi.jpg\" class=\"attachment-large size-large wp-image-9477\" alt=\"Roasted barn restaurant on a sunny day in M\u00f3scara Esporanda, Can Camades, highlighting traditional Spanish architecture and local dining experience in a charming rural setting.\" srcset=\"https:\/\/cancamades.com\/wp-content\/uploads\/2022\/12\/Mas-Pi.jpg 680w, https:\/\/cancamades.com\/wp-content\/uploads\/2022\/12\/Mas-Pi-300x225.jpg 300w, https:\/\/cancamades.com\/wp-content\/uploads\/2022\/12\/Mas-Pi-600x450.jpg 600w\" sizes=\"(max-width: 680px) 100vw, 680px\" \/>\t\t\t\t\t\t\t\t\t\t\t\t\t\t<\/div>\r\n\t\t\t\t\t\t\t\t<\/div>\n\t\t\t\t<\/div>\n\t\t\t\t\t<\/div>\n\t\t<\/div>\n\t\t\t\t<div class=\"elementor-column elementor-col-50 elementor-top-column elementor-element elementor-element-1624628\" data-id=\"1624628\" data-element_type=\"column\">\n\t\t\t<div class=\"elementor-widget-wrap elementor-element-populated\">\n\t\t\t\t\t\t<div class=\"elementor-element elementor-element-5ad347e elementor-widget elementor-widget-nuss-heading\" data-id=\"5ad347e\" data-element_type=\"widget\" data-widget_type=\"nuss-heading.default\">\n\t\t\t\t<div class=\"elementor-widget-container\">\n\t\t\t\t\t\t\t<div class=\"nuss-modern-heading\">\r\n\t\t\t\r\n\t\t\t\t\t\t<div class=\"heading-primary-wrap\">\r\n\t\t\t\t<h2 class=\"heading-primary elementor-heading-title\">Mas Pi (8 minutes)<\/h2>\t\t\t<\/div>\r\n\t\t\r\n\t\t\t\r\n\t\t\t\t\t\t<div class=\"heading-description-wrap\">\r\n\t\t\t\t<div class=\"heading-description\">\r\n\t\t\t\t\t<p>Mas Pi, construit au 16\u00e8me si\u00e8cle, propose un bon menu du jour, faisant partie d'un menu local.<\/p>\t\t\t\t<\/div>\r\n\t\t\t<\/div>\r\n\t\t\t\t<\/div>\r\n\t\t\t\t\t<\/div>\n\t\t\t\t<\/div>\n\t\t\t\t<div class=\"elementor-element elementor-element-79cfe9e elementor-widget elementor-widget-button\" data-id=\"79cfe9e\" data-element_type=\"widget\" data-widget_type=\"button.default\">\n\t\t\t\t<div class=\"elementor-widget-container\">\n\t\t\t\t\t\t\t\t\t<div class=\"elementor-button-wrapper\">\n\t\t\t\t\t<a class=\"elementor-button elementor-button-link elementor-size-sm\" href=\"https:\/\/goo.gl\/maps\/NYimFDGNAwubxWx19\">\n\t\t\t\t\t\t<span class=\"elementor-button-content-wrapper\">\n\t\t\t\t\t\t\t\t\t<span class=\"elementor-button-text\">Google Maps<\/span>\n\t\t\t\t\t<\/span>\n\t\t\t\t\t<\/a>\n\t\t\t\t<\/div>\n\t\t\t\t\t\t\t\t<\/div>\n\t\t\t\t<\/div>\n\t\t\t\t\t<\/div>\n\t\t<\/div>\n\t\t\t\t\t<\/div>\n\t\t<\/section>\n\t\t\t\t<section class=\"elementor-section elementor-top-section elementor-element elementor-element-456ab17 elementor-section-boxed elementor-section-gap-beside-yes elementor-section-height-default elementor-section-height-default elementor-section-column-vertical-align-stretch\" data-id=\"456ab17\" data-element_type=\"section\">\n\t\t\t\t\t\t<div class=\"elementor-container elementor-column-gap-extended\">\n\t\t\t\t\t<div class=\"elementor-column elementor-col-50 elementor-top-column elementor-element elementor-element-14efda1\" data-id=\"14efda1\" data-element_type=\"column\">\n\t\t\t<div class=\"elementor-widget-wrap elementor-element-populated\">\n\t\t\t\t\t\t<div class=\"elementor-element elementor-element-1813787 elementor-widget elementor-widget-nuss-image\" data-id=\"1813787\" data-element_type=\"widget\" data-widget_type=\"nuss-image.default\">\n\t\t\t\t<div class=\"elementor-widget-container\">\n\t\t\t\t\t\t\t\t\t\t<div class=\"elementor-image\">\r\n\t\t\t\t\t\t\t\t\t\t\t\t<img loading=\"lazy\" decoding=\"async\" width=\"680\" height=\"382\" src=\"https:\/\/cancamades.com\/wp-content\/uploads\/2022\/12\/Can-Kai.png\" class=\"attachment-large size-large wp-image-9482\" alt=\"Fresh sushi rolls with crispy tempura and avocado, expertly prepared at Can Camades, offering authentic Japanese cuisine and a delightful dining experience.\" srcset=\"https:\/\/cancamades.com\/wp-content\/uploads\/2022\/12\/Can-Kai.png 680w, https:\/\/cancamades.com\/wp-content\/uploads\/2022\/12\/Can-Kai-300x169.png 300w, https:\/\/cancamades.com\/wp-content\/uploads\/2022\/12\/Can-Kai-600x337.png 600w\" sizes=\"(max-width: 680px) 100vw, 680px\" \/>\t\t\t\t\t\t\t\t\t\t\t\t\t\t<\/div>\r\n\t\t\t\t\t\t\t\t<\/div>\n\t\t\t\t<\/div>\n\t\t\t\t\t<\/div>\n\t\t<\/div>\n\t\t\t\t<div class=\"elementor-column elementor-col-50 elementor-top-column elementor-element elementor-element-4fbf246\" data-id=\"4fbf246\" data-element_type=\"column\">\n\t\t\t<div class=\"elementor-widget-wrap elementor-element-populated\">\n\t\t\t\t\t\t<div class=\"elementor-element elementor-element-117228b elementor-widget elementor-widget-nuss-heading\" data-id=\"117228b\" data-element_type=\"widget\" data-widget_type=\"nuss-heading.default\">\n\t\t\t\t<div class=\"elementor-widget-container\">\n\t\t\t\t\t\t\t<div class=\"nuss-modern-heading\">\r\n\t\t\t\r\n\t\t\t\t\t\t<div class=\"heading-primary-wrap\">\r\n\t\t\t\t<h2 class=\"heading-primary elementor-heading-title\">Can Kai (29 minutes)<\/h2>\t\t\t<\/div>\r\n\t\t\r\n\t\t\t\r\n\t\t\t\t\t\t<div class=\"heading-description-wrap\">\r\n\t\t\t\t<div class=\"heading-description\">\r\n\t\t\t\t\t<p>Situ\u00e9 au centre de la belle ville de Begur. Can Kai offre les meilleurs sushis de la r\u00e9gion. Si vous \u00eates un amateur de sushi, c'est un must.<\/p>\t\t\t\t<\/div>\r\n\t\t\t<\/div>\r\n\t\t\t\t<\/div>\r\n\t\t\t\t\t<\/div>\n\t\t\t\t<\/div>\n\t\t\t\t<div class=\"elementor-element elementor-element-8688df1 elementor-widget elementor-widget-button\" data-id=\"8688df1\" data-element_type=\"widget\" data-widget_type=\"button.default\">\n\t\t\t\t<div class=\"elementor-widget-container\">\n\t\t\t\t\t\t\t\t\t<div class=\"elementor-button-wrapper\">\n\t\t\t\t\t<a class=\"elementor-button elementor-button-link elementor-size-sm\" href=\"https:\/\/goo.gl\/maps\/5M7Gmz97G2DTnuLp9\">\n\t\t\t\t\t\t<span class=\"elementor-button-content-wrapper\">\n\t\t\t\t\t\t\t\t\t<span class=\"elementor-button-text\">Google Maps<\/span>\n\t\t\t\t\t<\/span>\n\t\t\t\t\t<\/a>\n\t\t\t\t<\/div>\n\t\t\t\t\t\t\t\t<\/div>\n\t\t\t\t<\/div>\n\t\t\t\t\t<\/div>\n\t\t<\/div>\n\t\t\t\t\t<\/div>\n\t\t<\/section>\n\t\t\t\t<section class=\"elementor-section elementor-top-section elementor-element elementor-element-6e05091 elementor-section-boxed elementor-section-gap-beside-yes elementor-section-height-default elementor-section-height-default elementor-section-column-vertical-align-stretch\" data-id=\"6e05091\" data-element_type=\"section\">\n\t\t\t\t\t\t<div class=\"elementor-container elementor-column-gap-extended\">\n\t\t\t\t\t<div class=\"elementor-column elementor-col-50 elementor-top-column elementor-element elementor-element-79c217a\" data-id=\"79c217a\" data-element_type=\"column\">\n\t\t\t<div class=\"elementor-widget-wrap elementor-element-populated\">\n\t\t\t\t\t\t<div class=\"elementor-element elementor-element-08f6ed9 elementor-widget elementor-widget-nuss-image\" data-id=\"08f6ed9\" data-element_type=\"widget\" data-widget_type=\"nuss-image.default\">\n\t\t\t\t<div class=\"elementor-widget-container\">\n\t\t\t\t\t\t\t\t\t\t<div class=\"elementor-image\">\r\n\t\t\t\t\t\t\t\t\t\t\t\t<img loading=\"lazy\" decoding=\"async\" width=\"340\" height=\"510\" src=\"https:\/\/cancamades.com\/wp-content\/uploads\/2022\/12\/Socarrel.jpg\" class=\"attachment-large size-large wp-image-9487\" alt=\"Elegant outdoor dining area with wicker chairs and large parasols, perfect for enjoying meals in a relaxing garden setting at Can Camades.\" srcset=\"https:\/\/cancamades.com\/wp-content\/uploads\/2022\/12\/Socarrel.jpg 340w, https:\/\/cancamades.com\/wp-content\/uploads\/2022\/12\/Socarrel-200x300.jpg 200w\" sizes=\"(max-width: 340px) 100vw, 340px\" \/>\t\t\t\t\t\t\t\t\t\t\t\t\t\t<\/div>\r\n\t\t\t\t\t\t\t\t<\/div>\n\t\t\t\t<\/div>\n\t\t\t\t\t<\/div>\n\t\t<\/div>\n\t\t\t\t<div class=\"elementor-column elementor-col-50 elementor-top-column elementor-element elementor-element-273d8c5\" data-id=\"273d8c5\" data-element_type=\"column\">\n\t\t\t<div class=\"elementor-widget-wrap elementor-element-populated\">\n\t\t\t\t\t\t<div class=\"elementor-element elementor-element-3f52e37 elementor-widget elementor-widget-nuss-heading\" data-id=\"3f52e37\" data-element_type=\"widget\" data-widget_type=\"nuss-heading.default\">\n\t\t\t\t<div class=\"elementor-widget-container\">\n\t\t\t\t\t\t\t<div class=\"nuss-modern-heading\">\r\n\t\t\t\r\n\t\t\t\t\t\t<div class=\"heading-primary-wrap\">\r\n\t\t\t\t<h2 class=\"heading-primary elementor-heading-title\">Socarrel (27 minutes)<\/h2>\t\t\t<\/div>\r\n\t\t\r\n\t\t\t\r\n\t\t\t\t\t\t<div class=\"heading-description-wrap\">\r\n\t\t\t\t<div class=\"heading-description\">\r\n\t\t\t\t\t<p>Restaurant catalan traditionnel sp\u00e9cialis\u00e9 dans les plats de riz.<\/p>\t\t\t\t<\/div>\r\n\t\t\t<\/div>\r\n\t\t\t\t<\/div>\r\n\t\t\t\t\t<\/div>\n\t\t\t\t<\/div>\n\t\t\t\t<div class=\"elementor-element elementor-element-ef3cc99 elementor-widget elementor-widget-button\" data-id=\"ef3cc99\" data-element_type=\"widget\" data-widget_type=\"button.default\">\n\t\t\t\t<div class=\"elementor-widget-container\">\n\t\t\t\t\t\t\t\t\t<div class=\"elementor-button-wrapper\">\n\t\t\t\t\t<a class=\"elementor-button elementor-button-link elementor-size-sm\" href=\"https:\/\/goo.gl\/maps\/q2FhdFqkeC7nZjS49\">\n\t\t\t\t\t\t<span class=\"elementor-button-content-wrapper\">\n\t\t\t\t\t\t\t\t\t<span class=\"elementor-button-text\">Google Maps<\/span>\n\t\t\t\t\t<\/span>\n\t\t\t\t\t<\/a>\n\t\t\t\t<\/div>\n\t\t\t\t\t\t\t\t<\/div>\n\t\t\t\t<\/div>\n\t\t\t\t\t<\/div>\n\t\t<\/div>\n\t\t\t\t\t<\/div>\n\t\t<\/section>\n\t\t\t\t<section class=\"elementor-section elementor-top-section elementor-element elementor-element-580af6b elementor-section-boxed elementor-section-gap-beside-yes elementor-section-height-default elementor-section-height-default elementor-section-column-vertical-align-stretch\" data-id=\"580af6b\" data-element_type=\"section\">\n\t\t\t\t\t\t<div class=\"elementor-container elementor-column-gap-extended\">\n\t\t\t\t\t<div class=\"elementor-column elementor-col-50 elementor-top-column elementor-element elementor-element-1e5556f\" data-id=\"1e5556f\" data-element_type=\"column\">\n\t\t\t<div class=\"elementor-widget-wrap elementor-element-populated\">\n\t\t\t\t\t\t<div class=\"elementor-element elementor-element-da5f7ca elementor-widget elementor-widget-nuss-image\" data-id=\"da5f7ca\" data-element_type=\"widget\" data-widget_type=\"nuss-image.default\">\n\t\t\t\t<div class=\"elementor-widget-container\">\n\t\t\t\t\t\t\t\t\t\t<div class=\"elementor-image\">\r\n\t\t\t\t\t\t\t\t\t\t\t\t<img loading=\"lazy\" decoding=\"async\" width=\"680\" height=\"383\" src=\"https:\/\/cancamades.com\/wp-content\/uploads\/2022\/12\/Sivana-Bosc.png\" class=\"attachment-large size-large wp-image-9492\" alt=\"Cozy outdoor dining at Can Camades restaurant during evening with string lights, wooden tables, and lush trees creating a warm, inviting atmosphere for guests.\" srcset=\"https:\/\/cancamades.com\/wp-content\/uploads\/2022\/12\/Sivana-Bosc.png 680w, https:\/\/cancamades.com\/wp-content\/uploads\/2022\/12\/Sivana-Bosc-300x169.png 300w, https:\/\/cancamades.com\/wp-content\/uploads\/2022\/12\/Sivana-Bosc-600x338.png 600w\" sizes=\"(max-width: 680px) 100vw, 680px\" \/>\t\t\t\t\t\t\t\t\t\t\t\t\t\t<\/div>\r\n\t\t\t\t\t\t\t\t<\/div>\n\t\t\t\t<\/div>\n\t\t\t\t\t<\/div>\n\t\t<\/div>\n\t\t\t\t<div class=\"elementor-column elementor-col-50 elementor-top-column elementor-element elementor-element-c2b5c4f\" data-id=\"c2b5c4f\" data-element_type=\"column\">\n\t\t\t<div class=\"elementor-widget-wrap elementor-element-populated\">\n\t\t\t\t\t\t<div class=\"elementor-element elementor-element-0b98068 elementor-widget elementor-widget-nuss-heading\" data-id=\"0b98068\" data-element_type=\"widget\" data-widget_type=\"nuss-heading.default\">\n\t\t\t\t<div class=\"elementor-widget-container\">\n\t\t\t\t\t\t\t<div class=\"nuss-modern-heading\">\r\n\t\t\t\r\n\t\t\t\t\t\t<div class=\"heading-primary-wrap\">\r\n\t\t\t\t<h2 class=\"heading-primary elementor-heading-title\">Sivana Bosc (28 minutes)<\/h2>\t\t\t<\/div>\r\n\t\t\r\n\t\t\t\r\n\t\t\t\t\t\t<div class=\"heading-description-wrap\">\r\n\t\t\t\t<div class=\"heading-description\">\r\n\t\t\t\t\t<p>Notre philosophie est de trouver des lieux idylliques avec des atmosph\u00e8res d\u00e9tendues, d'aimer beaucoup le produit et d'accorder une importance particuli\u00e8re \u00e0 notre terre.<\/p>\t\t\t\t<\/div>\r\n\t\t\t<\/div>\r\n\t\t\t\t<\/div>\r\n\t\t\t\t\t<\/div>\n\t\t\t\t<\/div>\n\t\t\t\t<div class=\"elementor-element elementor-element-d9ff61a elementor-widget elementor-widget-button\" data-id=\"d9ff61a\" data-element_type=\"widget\" data-widget_type=\"button.default\">\n\t\t\t\t<div class=\"elementor-widget-container\">\n\t\t\t\t\t\t\t\t\t<div class=\"elementor-button-wrapper\">\n\t\t\t\t\t<a class=\"elementor-button elementor-button-link elementor-size-sm\" href=\"https:\/\/goo.gl\/maps\/WhxnDNHKHfLaypdn8\">\n\t\t\t\t\t\t<span class=\"elementor-button-content-wrapper\">\n\t\t\t\t\t\t\t\t\t<span class=\"elementor-button-text\">Google Maps<\/span>\n\t\t\t\t\t<\/span>\n\t\t\t\t\t<\/a>\n\t\t\t\t<\/div>\n\t\t\t\t\t\t\t\t<\/div>\n\t\t\t\t<\/div>\n\t\t\t\t\t<\/div>\n\t\t<\/div>\n\t\t\t\t\t<\/div>\n\t\t<\/section>\n\t\t\t\t<section class=\"elementor-section elementor-top-section elementor-element elementor-element-7b44309 elementor-section-boxed elementor-section-gap-beside-yes elementor-section-height-default elementor-section-height-default elementor-section-column-vertical-align-stretch\" data-id=\"7b44309\" data-element_type=\"section\">\n\t\t\t\t\t\t<div class=\"elementor-container elementor-column-gap-extended\">\n\t\t\t\t\t<div class=\"elementor-column elementor-col-50 elementor-top-column elementor-element elementor-element-2298c6a\" data-id=\"2298c6a\" data-element_type=\"column\">\n\t\t\t<div class=\"elementor-widget-wrap elementor-element-populated\">\n\t\t\t\t\t\t<div class=\"elementor-element elementor-element-98ce30f elementor-widget elementor-widget-nuss-image\" data-id=\"98ce30f\" data-element_type=\"widget\" data-widget_type=\"nuss-image.default\">\n\t\t\t\t<div class=\"elementor-widget-container\">\n\t\t\t\t\t\t\t\t\t\t<div class=\"elementor-image\">\r\n\t\t\t\t\t\t\t\t\t\t\t\t<img loading=\"lazy\" decoding=\"async\" width=\"680\" height=\"382\" src=\"https:\/\/cancamades.com\/wp-content\/uploads\/2022\/12\/l-escola-La-pera.jpg\" class=\"attachment-large size-large wp-image-9497\" alt=\"Old stone building with outdoor cafe seating, umbrellas, and pedestrians in a historic European town square.\" srcset=\"https:\/\/cancamades.com\/wp-content\/uploads\/2022\/12\/l-escola-La-pera.jpg 680w, https:\/\/cancamades.com\/wp-content\/uploads\/2022\/12\/l-escola-La-pera-300x169.jpg 300w, https:\/\/cancamades.com\/wp-content\/uploads\/2022\/12\/l-escola-La-pera-600x337.jpg 600w\" sizes=\"(max-width: 680px) 100vw, 680px\" \/>\t\t\t\t\t\t\t\t\t\t\t\t\t\t<\/div>\r\n\t\t\t\t\t\t\t\t<\/div>\n\t\t\t\t<\/div>\n\t\t\t\t\t<\/div>\n\t\t<\/div>\n\t\t\t\t<div class=\"elementor-column elementor-col-50 elementor-top-column elementor-element elementor-element-36cf186\" data-id=\"36cf186\" data-element_type=\"column\">\n\t\t\t<div class=\"elementor-widget-wrap elementor-element-populated\">\n\t\t\t\t\t\t<div class=\"elementor-element elementor-element-7bf7538 elementor-widget elementor-widget-nuss-heading\" data-id=\"7bf7538\" data-element_type=\"widget\" data-widget_type=\"nuss-heading.default\">\n\t\t\t\t<div class=\"elementor-widget-container\">\n\t\t\t\t\t\t\t<div class=\"nuss-modern-heading\">\r\n\t\t\t\r\n\t\t\t\t\t\t<div class=\"heading-primary-wrap\">\r\n\t\t\t\t<h2 class=\"heading-primary elementor-heading-title\">L'escola (14 minutes)<\/h2>\t\t\t<\/div>\r\n\t\t\r\n\t\t\t\r\n\t\t\t\t\t\t<div class=\"heading-description-wrap\">\r\n\t\t\t\t<div class=\"heading-description\">\r\n\t\t\t\t\t<p>Situ\u00e9 dans la paisible petite ville de La Pera. L'escola est un ancien b\u00e2timent d'\u00e9cole transform\u00e9 en un petit bijou de restaurant discret.\u00a0<\/p>\t\t\t\t<\/div>\r\n\t\t\t<\/div>\r\n\t\t\t\t<\/div>\r\n\t\t\t\t\t<\/div>\n\t\t\t\t<\/div>\n\t\t\t\t<div class=\"elementor-element elementor-element-bf72122 elementor-widget elementor-widget-button\" data-id=\"bf72122\" data-element_type=\"widget\" data-widget_type=\"button.default\">\n\t\t\t\t<div class=\"elementor-widget-container\">\n\t\t\t\t\t\t\t\t\t<div class=\"elementor-button-wrapper\">\n\t\t\t\t\t<a class=\"elementor-button elementor-button-link elementor-size-sm\" href=\"https:\/\/goo.gl\/maps\/S2vyQcDz89a9S3gt5\">\n\t\t\t\t\t\t<span class=\"elementor-button-content-wrapper\">\n\t\t\t\t\t\t\t\t\t<span class=\"elementor-button-text\">Google Maps<\/span>\n\t\t\t\t\t<\/span>\n\t\t\t\t\t<\/a>\n\t\t\t\t<\/div>\n\t\t\t\t\t\t\t\t<\/div>\n\t\t\t\t<\/div>\n\t\t\t\t\t<\/div>\n\t\t<\/div>\n\t\t\t\t\t<\/div>\n\t\t<\/section>\n\t\t\t\t<\/div>\n\t\t","protected":false},"excerpt":{"rendered":"<p>Empordanet (2 minutes) Situ\u00e9 dans La Tallada d&#8217;Empord\u00e0. Il est sp\u00e9cialis\u00e9 dans la cuisine traditionnelle catalane et accorde une grande attention aux produits de saison tels que les escargots et les champignons, ainsi qu&#8217;aux l\u00e9gumes de chaque saison de l&#8217;ann\u00e9e. C&#8217;est pourquoi ses plats remarquables sont les escargots mijot\u00e9s, le riz en cocotte et d&#8217;autres [&hellip;]<\/p>\n","protected":false},"author":1,"featured_media":0,"parent":0,"menu_order":0,"comment_status":"closed","ping_status":"closed","template":"","meta":{"_acf_changed":false,"_seopress_robots_primary_cat":"0","_seopress_titles_title":"","_seopress_titles_desc":"","_seopress_robots_index":"","footnotes":""},"class_list":["post-7194","page","type-page","status-publish","hentry","post-no-thumbnail"],"acf":[],"_links":{"self":[{"href":"https:\/\/cancamades.com\/fr\/wp-json\/wp\/v2\/pages\/7194","targetHints":{"allow":["GET"]}}],"collection":[{"href":"https:\/\/cancamades.com\/fr\/wp-json\/wp\/v2\/pages"}],"about":[{"href":"https:\/\/cancamades.com\/fr\/wp-json\/wp\/v2\/types\/page"}],"author":[{"embeddable":true,"href":"https:\/\/cancamades.com\/fr\/wp-json\/wp\/v2\/users\/1"}],"replies":[{"embeddable":true,"href":"https:\/\/cancamades.com\/fr\/wp-json\/wp\/v2\/comments?post=7194"}],"version-history":[{"count":4,"href":"https:\/\/cancamades.com\/fr\/wp-json\/wp\/v2\/pages\/7194\/revisions"}],"predecessor-version":[{"id":10485,"href":"https:\/\/cancamades.com\/fr\/wp-json\/wp\/v2\/pages\/7194\/revisions\/10485"}],"wp:attachment":[{"href":"https:\/\/cancamades.com\/fr\/wp-json\/wp\/v2\/media?parent=7194"}],"curies":[{"name":"wp","href":"https:\/\/api.w.org\/{rel}","templated":true}]}}