{"id":7256,"date":"2022-10-09T01:22:30","date_gmt":"2022-10-09T01:22:30","guid":{"rendered":"https:\/\/cancamades.com\/heilbad\/"},"modified":"2025-10-01T09:52:34","modified_gmt":"2025-10-01T09:52:34","slug":"strande","status":"publish","type":"page","link":"https:\/\/cancamades.com\/de\/strande\/","title":{"rendered":"Str\u00e4nde"},"content":{"rendered":"\t\t<div data-elementor-type=\"wp-page\" data-elementor-id=\"7256\" class=\"elementor elementor-7256 elementor-2108\">\n\t\t\t\t\t\t<section class=\"elementor-section elementor-top-section elementor-element elementor-element-5003f03 elementor-section-boxed elementor-section-gap-beside-yes elementor-section-height-default elementor-section-height-default elementor-section-column-vertical-align-stretch\" data-id=\"5003f03\" data-element_type=\"section\">\n\t\t\t\t\t\t<div class=\"elementor-container elementor-column-gap-extended\">\n\t\t\t\t\t<div class=\"elementor-column elementor-col-100 elementor-top-column elementor-element elementor-element-c6766ea\" data-id=\"c6766ea\" data-element_type=\"column\">\n\t\t\t<div class=\"elementor-widget-wrap elementor-element-populated\">\n\t\t\t\t\t\t<section class=\"elementor-section elementor-inner-section elementor-element elementor-element-ed55e00 elementor-section-boxed elementor-section-gap-beside-yes elementor-section-height-default elementor-section-height-default elementor-section-column-vertical-align-stretch\" data-id=\"ed55e00\" data-element_type=\"section\">\n\t\t\t\t\t\t<div class=\"elementor-container elementor-column-gap-extended\">\n\t\t\t\t\t<div class=\"elementor-column elementor-col-50 elementor-inner-column elementor-element elementor-element-3e5a07f\" data-id=\"3e5a07f\" data-element_type=\"column\">\n\t\t\t<div class=\"elementor-widget-wrap elementor-element-populated\">\n\t\t\t\t\t\t<div class=\"elementor-element elementor-element-96e3487 bullets-v-align-below elementor-widget elementor-widget-nuss-image-carousel\" data-id=\"96e3487\" data-element_type=\"widget\" data-widget_type=\"nuss-image-carousel.default\">\n\t\t\t\t<div class=\"elementor-widget-container\">\n\t\t\t\t\t\r\n\t\t<div  class=\"nuss-swiper nuss-slider-widget\" data-lg-items=\"1\" data-lg-gutter=\"10\" data-loop=\"1\" data-simulate-touch=\"1\" data-speed=\"1000\" data-effect=\"slide\">\r\n\t\t\t<div class=\"swiper-inner\">\r\n\r\n\t\t\t\t\r\n\t\t\t\t<div class=\"swiper-container swiper\">\r\n\t\t\t\t\t<div class=\"swiper-wrapper\">\r\n\t\t\t\t\t\t\t\t\t<div class=\"swiper-slide\">\r\n\t\t\t\t<div class=\"image\">\r\n\t\t\t\t\t<img decoding=\"async\"  src=\"https:\/\/cancamades.com\/wp-content\/uploads\/2022\/12\/826574e8-5928-4ac3-a139-9cc5e31fbd41-768x576.jpg\" alt=\"Serene beach scene with clear blue sky, calm ocean water, sandy shoreline, and green trees, showcasing the natural beauty of Can Camades coastal area. Perfect for relaxing or exploring nature.\" \/>\t\t\t\t<\/div>\r\n\t\t\t<\/div>\r\n\t\t\t\t\t\t\t\t<\/div>\r\n\t\t\t\t<\/div>\r\n\r\n\t\t\t\t\r\n\t\t\t<\/div>\r\n\t\t<\/div>\r\n\t\t\t\t\t\t<\/div>\n\t\t\t\t<\/div>\n\t\t\t\t\t<\/div>\n\t\t<\/div>\n\t\t\t\t<div class=\"elementor-column elementor-col-50 elementor-inner-column elementor-element elementor-element-848a5aa\" data-id=\"848a5aa\" data-element_type=\"column\">\n\t\t\t<div class=\"elementor-widget-wrap elementor-element-populated\">\n\t\t\t\t\t\t<div class=\"elementor-element elementor-element-cabd158 elementor-widget elementor-widget-nuss-heading\" data-id=\"cabd158\" data-element_type=\"widget\" data-widget_type=\"nuss-heading.default\">\n\t\t\t\t<div class=\"elementor-widget-container\">\n\t\t\t\t\t\t\t<div class=\"nuss-modern-heading\">\r\n\t\t\t\r\n\t\t\t\t\t\t<div class=\"heading-primary-wrap\">\r\n\t\t\t\t<h2 class=\"heading-primary elementor-heading-title\">Emp\u00faries (15 minutes away)<br><\/h2>\t\t\t<\/div>\r\n\t\t\r\n\t\t\t\r\n\t\t\t\t\t\t<div class=\"heading-description-wrap\">\r\n\t\t\t\t<div class=\"heading-description\">\r\n\t\t\t\t\t<p>Sant Mart\u00ed d'Emp\u00faries, ehemalige Hauptstadt der Grafschaft Emp\u00faries, ist heute eine charmante Stadt, die sich durch die Erhaltung eines bedeutenden Teils ihres mittelalterlichen architektonischen Erbes auszeichnet. Tats\u00e4chlich ist Sant Mart\u00ed ein Bev\u00f6lkerungszentrum, das administrativ vom benachbarten l'Escala abh\u00e4ngig ist und das sich praktisch nicht \u00fcber seine urspr\u00fcnglichen Mauern hinaus ausgebreitet hat.<\/p><p>So k\u00f6nnen wir immer noch einen Teil der Strukturen und Mauern von Sant Mart\u00ed beobachten mittelalterlichen Ursprungs und die urspr\u00fcngliche Anordnung vieler seiner Stra\u00dfen. Die Hauptverkehrsadern der Stadt m\u00fcnden schlie\u00dflich in der Plaza Mayor, einer der Haupttouristenattraktionen. Sein gesamter architektonischer Komplex ist als Kulturgut von nationalem Interesse gesch\u00fctzt.<\/p><p><\/p>\t\t\t\t<\/div>\r\n\t\t\t<\/div>\r\n\t\t\t\t<\/div>\r\n\t\t\t\t\t<\/div>\n\t\t\t\t<\/div>\n\t\t\t\t<div class=\"elementor-element elementor-element-8d6f63f elementor-widget elementor-widget-button\" data-id=\"8d6f63f\" data-element_type=\"widget\" data-widget_type=\"button.default\">\n\t\t\t\t<div class=\"elementor-widget-container\">\n\t\t\t\t\t\t\t\t\t<div class=\"elementor-button-wrapper\">\n\t\t\t\t\t<a class=\"elementor-button elementor-button-link elementor-size-sm\" href=\"https:\/\/goo.gl\/maps\/sh5E6SBpLtwhNPcM6\" target=\"_blank\">\n\t\t\t\t\t\t<span class=\"elementor-button-content-wrapper\">\n\t\t\t\t\t\t\t\t\t<span class=\"elementor-button-text\">Google Maps<\/span>\n\t\t\t\t\t<\/span>\n\t\t\t\t\t<\/a>\n\t\t\t\t<\/div>\n\t\t\t\t\t\t\t\t<\/div>\n\t\t\t\t<\/div>\n\t\t\t\t\t<\/div>\n\t\t<\/div>\n\t\t\t\t\t<\/div>\n\t\t<\/section>\n\t\t\t\t\t<\/div>\n\t\t<\/div>\n\t\t\t\t\t<\/div>\n\t\t<\/section>\n\t\t\t\t<section class=\"elementor-section elementor-top-section elementor-element elementor-element-70488d1 elementor-section-boxed elementor-section-gap-beside-yes elementor-section-height-default elementor-section-height-default elementor-section-column-vertical-align-stretch\" data-id=\"70488d1\" data-element_type=\"section\">\n\t\t\t\t\t\t<div class=\"elementor-container elementor-column-gap-extended\">\n\t\t\t\t\t<div class=\"elementor-column elementor-col-50 elementor-top-column elementor-element elementor-element-6bda16c\" data-id=\"6bda16c\" data-element_type=\"column\">\n\t\t\t<div class=\"elementor-widget-wrap elementor-element-populated\">\n\t\t\t\t\t\t<div class=\"elementor-element elementor-element-3d7fae7 elementor-widget elementor-widget-nuss-image\" data-id=\"3d7fae7\" data-element_type=\"widget\" data-widget_type=\"nuss-image.default\">\n\t\t\t\t<div class=\"elementor-widget-container\">\n\t\t\t\t\t\t\t\t\t\t<div class=\"elementor-image\">\r\n\t\t\t\t\t\t\t\t\t\t\t\t<img fetchpriority=\"high\" decoding=\"async\" width=\"768\" height=\"510\" src=\"https:\/\/cancamades.com\/wp-content\/uploads\/2022\/12\/Cala-Montgo-768x510.png\" class=\"attachment-medium_large size-medium_large wp-image-8776\" alt=\"Serene coastal landscape at sunset with calm waters, lush trees, and charming hillside villas, perfect for relaxing vacations and scenic getaways in Can Camades, Mallorca.\" srcset=\"https:\/\/cancamades.com\/wp-content\/uploads\/2022\/12\/Cala-Montgo-768x510.png 768w, https:\/\/cancamades.com\/wp-content\/uploads\/2022\/12\/Cala-Montgo-300x199.png 300w, https:\/\/cancamades.com\/wp-content\/uploads\/2022\/12\/Cala-Montgo.png 936w\" sizes=\"(max-width: 768px) 100vw, 768px\" \/>\t\t\t\t\t\t\t\t\t\t\t\t\t\t<\/div>\r\n\t\t\t\t\t\t\t\t<\/div>\n\t\t\t\t<\/div>\n\t\t\t\t\t<\/div>\n\t\t<\/div>\n\t\t\t\t<div class=\"elementor-column elementor-col-50 elementor-top-column elementor-element elementor-element-5f46cfc\" data-id=\"5f46cfc\" data-element_type=\"column\">\n\t\t\t<div class=\"elementor-widget-wrap elementor-element-populated\">\n\t\t\t\t\t\t<div class=\"elementor-element elementor-element-4517166 elementor-widget elementor-widget-nuss-heading\" data-id=\"4517166\" data-element_type=\"widget\" data-widget_type=\"nuss-heading.default\">\n\t\t\t\t<div class=\"elementor-widget-container\">\n\t\t\t\t\t\t\t<div class=\"nuss-modern-heading\">\r\n\t\t\t\r\n\t\t\t\t\t\t<div class=\"heading-primary-wrap\">\r\n\t\t\t\t<h2 class=\"heading-primary elementor-heading-title\">Cala Montg\u00f3<\/h2>\t\t\t<\/div>\r\n\t\t\r\n\t\t\t\r\n\t\t\t\t\t\t<div class=\"heading-description-wrap\">\r\n\t\t\t\t<div class=\"heading-description\">\r\n\t\t\t\t\t<p>Diese sch\u00f6ne gro\u00dfe Bucht mit feinem Sand befindet sich in der territorialen Grenze des Dorfes zwischen l'Escala und l'Estartit. Dank seiner Lage ist es vollst\u00e4ndig vom Tramontana-Wind gesch\u00fctzt. Dank seiner nat\u00fcrlichen Sch\u00f6nheit und seiner urbanen Umgebung ist der Strand bei Touristen und Familien beliebt. Dort finden Sie anpassbare Duschen und Toiletten, einen H\u00e4ngemattenverleih, Rettungsschwimmer, einen Parkplatz, einen Barservice und die M\u00f6glichkeit, einige Wassersportarten auszu\u00fcben. Leicht zu Fu\u00df oder mit dem Auto von l'Escala oder l'Estartit aus zu erreichen, es ist auch m\u00f6glich, die Bucht mit dem Boot zu erreichen. Der Strand ist mit dem Label \u201eBlaue Flagge\u201c zertifiziert.<\/p>\t\t\t\t<\/div>\r\n\t\t\t<\/div>\r\n\t\t\t\t<\/div>\r\n\t\t\t\t\t<\/div>\n\t\t\t\t<\/div>\n\t\t\t\t<div class=\"elementor-element elementor-element-19d96cd elementor-widget elementor-widget-button\" data-id=\"19d96cd\" data-element_type=\"widget\" data-widget_type=\"button.default\">\n\t\t\t\t<div class=\"elementor-widget-container\">\n\t\t\t\t\t\t\t\t\t<div class=\"elementor-button-wrapper\">\n\t\t\t\t\t<a class=\"elementor-button elementor-button-link elementor-size-sm\" href=\"https:\/\/goo.gl\/maps\/t7yPUrBPdtidNFpT9\" target=\"_blank\">\n\t\t\t\t\t\t<span class=\"elementor-button-content-wrapper\">\n\t\t\t\t\t\t\t\t\t<span class=\"elementor-button-text\">Google Maps<\/span>\n\t\t\t\t\t<\/span>\n\t\t\t\t\t<\/a>\n\t\t\t\t<\/div>\n\t\t\t\t\t\t\t\t<\/div>\n\t\t\t\t<\/div>\n\t\t\t\t\t<\/div>\n\t\t<\/div>\n\t\t\t\t\t<\/div>\n\t\t<\/section>\n\t\t\t\t<section class=\"elementor-section elementor-top-section elementor-element elementor-element-7e9dba4 elementor-section-boxed elementor-section-gap-beside-yes elementor-section-height-default elementor-section-height-default elementor-section-column-vertical-align-stretch\" data-id=\"7e9dba4\" data-element_type=\"section\">\n\t\t\t\t\t\t<div class=\"elementor-container elementor-column-gap-extended\">\n\t\t\t\t\t<div class=\"elementor-column elementor-col-50 elementor-top-column elementor-element elementor-element-3cacb88\" data-id=\"3cacb88\" data-element_type=\"column\">\n\t\t\t<div class=\"elementor-widget-wrap elementor-element-populated\">\n\t\t\t\t\t\t<div class=\"elementor-element elementor-element-5649697 elementor-widget elementor-widget-nuss-image\" data-id=\"5649697\" data-element_type=\"widget\" data-widget_type=\"nuss-image.default\">\n\t\t\t\t<div class=\"elementor-widget-container\">\n\t\t\t\t\t\t\t\t\t\t<div class=\"elementor-image\">\r\n\t\t\t\t\t\t\t\t\t\t\t\t<img decoding=\"async\" width=\"815\" height=\"802\" src=\"https:\/\/cancamades.com\/wp-content\/uploads\/2022\/12\/Cala-Illa-Mateua.avif\" class=\"attachment-large size-large wp-image-8784\" alt=\"Stunning sunset over rocky coastal landscape with calm waters and scenic horizon.\" \/>\t\t\t\t\t\t\t\t\t\t\t\t\t\t<\/div>\r\n\t\t\t\t\t\t\t\t<\/div>\n\t\t\t\t<\/div>\n\t\t\t\t\t<\/div>\n\t\t<\/div>\n\t\t\t\t<div class=\"elementor-column elementor-col-50 elementor-top-column elementor-element elementor-element-7724057\" data-id=\"7724057\" data-element_type=\"column\">\n\t\t\t<div class=\"elementor-widget-wrap elementor-element-populated\">\n\t\t\t\t\t\t<div class=\"elementor-element elementor-element-768fc8f elementor-widget elementor-widget-nuss-heading\" data-id=\"768fc8f\" data-element_type=\"widget\" data-widget_type=\"nuss-heading.default\">\n\t\t\t\t<div class=\"elementor-widget-container\">\n\t\t\t\t\t\t\t<div class=\"nuss-modern-heading\">\r\n\t\t\t\r\n\t\t\t\t\t\t<div class=\"heading-primary-wrap\">\r\n\t\t\t\t<h2 class=\"heading-primary elementor-heading-title\">Illa Mateua<\/h2>\t\t\t<\/div>\r\n\t\t\r\n\t\t\t\r\n\t\t\t\t\t\t<div class=\"heading-description-wrap\">\r\n\t\t\t\t<div class=\"heading-description\">\r\n\t\t\t\t\t<p>Diese Bucht erhielt ihren Namen von der vor dem Strand gelegenen Insel. Es liegt n\u00f6rdlich von Punta Montgo, am Ende des Naturparks Montgri und ist von Felsen geformt und von hohen, steilen Klippen umgeben, was den Ort zum idealen Ort zum Tauchen macht: in der Tat, nach etwa 15 Minuten Schwimmen, Taucher k\u00f6nnen dort den Bug des franz\u00f6sischen Schleppers \u201eConstantine\u201c bewundern, der 1963 dank der reinen Wasserqualit\u00e4t der Bucht gesunken ist. Es ist ein Ort, den Sie bequem zu Fu\u00df \u00fcber den \u201eCamino de Ronda\u201c, aber auch mit dem Auto oder mit dem touristischen kleinen Tren \u201eCarrilet\u201c erreichen k\u00f6nnen.<\/p>\t\t\t\t<\/div>\r\n\t\t\t<\/div>\r\n\t\t\t\t<\/div>\r\n\t\t\t\t\t<\/div>\n\t\t\t\t<\/div>\n\t\t\t\t<div class=\"elementor-element elementor-element-4fe4ca2 elementor-widget elementor-widget-button\" data-id=\"4fe4ca2\" data-element_type=\"widget\" data-widget_type=\"button.default\">\n\t\t\t\t<div class=\"elementor-widget-container\">\n\t\t\t\t\t\t\t\t\t<div class=\"elementor-button-wrapper\">\n\t\t\t\t\t<a class=\"elementor-button elementor-button-link elementor-size-sm\" href=\"https:\/\/goo.gl\/maps\/bi1sk8vSq9dZEo9i9\" target=\"_blank\">\n\t\t\t\t\t\t<span class=\"elementor-button-content-wrapper\">\n\t\t\t\t\t\t\t\t\t<span class=\"elementor-button-text\">Google Maps<\/span>\n\t\t\t\t\t<\/span>\n\t\t\t\t\t<\/a>\n\t\t\t\t<\/div>\n\t\t\t\t\t\t\t\t<\/div>\n\t\t\t\t<\/div>\n\t\t\t\t\t<\/div>\n\t\t<\/div>\n\t\t\t\t\t<\/div>\n\t\t<\/section>\n\t\t\t\t<section class=\"elementor-section elementor-top-section elementor-element elementor-element-095df70 elementor-section-boxed elementor-section-gap-beside-yes elementor-section-height-default elementor-section-height-default elementor-section-column-vertical-align-stretch\" data-id=\"095df70\" data-element_type=\"section\">\n\t\t\t\t\t\t<div class=\"elementor-container elementor-column-gap-extended\">\n\t\t\t\t\t<div class=\"elementor-column elementor-col-50 elementor-top-column elementor-element elementor-element-afd448b\" data-id=\"afd448b\" data-element_type=\"column\">\n\t\t\t<div class=\"elementor-widget-wrap elementor-element-populated\">\n\t\t\t\t\t\t<div class=\"elementor-element elementor-element-28dac06 elementor-widget elementor-widget-nuss-image\" data-id=\"28dac06\" data-element_type=\"widget\" data-widget_type=\"nuss-image.default\">\n\t\t\t\t<div class=\"elementor-widget-container\">\n\t\t\t\t\t\t\t\t\t\t<div class=\"elementor-image\">\r\n\t\t\t\t\t\t\t\t\t\t\t\t<img decoding=\"async\" width=\"896\" height=\"473\" src=\"https:\/\/cancamades.com\/wp-content\/uploads\/2022\/12\/Gola-del-Ter.avif\" class=\"attachment-large size-large wp-image-8792\" alt=\"Rock formations by the sea, scenic coastal landscape in Can Camades, Mallorca, Spain, with golden sandy beach and clear blue waters, perfect for travel and nature photography.\" \/>\t\t\t\t\t\t\t\t\t\t\t\t\t\t<\/div>\r\n\t\t\t\t\t\t\t\t<\/div>\n\t\t\t\t<\/div>\n\t\t\t\t\t<\/div>\n\t\t<\/div>\n\t\t\t\t<div class=\"elementor-column elementor-col-50 elementor-top-column elementor-element elementor-element-f755dd4\" data-id=\"f755dd4\" data-element_type=\"column\">\n\t\t\t<div class=\"elementor-widget-wrap elementor-element-populated\">\n\t\t\t\t\t\t<div class=\"elementor-element elementor-element-d07a1f3 elementor-widget elementor-widget-nuss-heading\" data-id=\"d07a1f3\" data-element_type=\"widget\" data-widget_type=\"nuss-heading.default\">\n\t\t\t\t<div class=\"elementor-widget-container\">\n\t\t\t\t\t\t\t<div class=\"nuss-modern-heading\">\r\n\t\t\t\r\n\t\t\t\t\t\t<div class=\"heading-primary-wrap\">\r\n\t\t\t\t<h2 class=\"heading-primary elementor-heading-title\">Gola del Ter<\/h2>\t\t\t<\/div>\r\n\t\t\r\n\t\t\t\r\n\t\t\t\t\t\t<div class=\"heading-description-wrap\">\r\n\t\t\t\t<div class=\"heading-description\">\r\n\t\t\t\t\t<p>Es ist ein einzigartiger Ort an der Costa Brava, wo das Meerwasser auf das des Flusses Ter trifft und von wo aus Sie ein au\u00dfergew\u00f6hnliches Ph\u00e4nomen von Angesicht zu Angesicht beobachten k\u00f6nnen: einer der sch\u00f6nsten Sonnenunterg\u00e4nge der Gegend - \u00fcber der M\u00fcndung des Ter- und der Mondaufgang \u00fcber dem Meer, alles gleichzeitig!<\/p>\t\t\t\t<\/div>\r\n\t\t\t<\/div>\r\n\t\t\t\t<\/div>\r\n\t\t\t\t\t<\/div>\n\t\t\t\t<\/div>\n\t\t\t\t<div class=\"elementor-element elementor-element-44c9607 elementor-widget elementor-widget-button\" data-id=\"44c9607\" data-element_type=\"widget\" data-widget_type=\"button.default\">\n\t\t\t\t<div class=\"elementor-widget-container\">\n\t\t\t\t\t\t\t\t\t<div class=\"elementor-button-wrapper\">\n\t\t\t\t\t<a class=\"elementor-button elementor-button-link elementor-size-sm\" href=\"https:\/\/goo.gl\/maps\/FPtBdLfZefVJbhBv7\" target=\"_blank\">\n\t\t\t\t\t\t<span class=\"elementor-button-content-wrapper\">\n\t\t\t\t\t\t\t\t\t<span class=\"elementor-button-text\">Google Maps<\/span>\n\t\t\t\t\t<\/span>\n\t\t\t\t\t<\/a>\n\t\t\t\t<\/div>\n\t\t\t\t\t\t\t\t<\/div>\n\t\t\t\t<\/div>\n\t\t\t\t\t<\/div>\n\t\t<\/div>\n\t\t\t\t\t<\/div>\n\t\t<\/section>\n\t\t\t\t<section class=\"elementor-section elementor-top-section elementor-element elementor-element-b41ee37 elementor-section-boxed elementor-section-gap-beside-yes elementor-section-height-default elementor-section-height-default elementor-section-column-vertical-align-stretch\" data-id=\"b41ee37\" data-element_type=\"section\">\n\t\t\t\t\t\t<div class=\"elementor-container elementor-column-gap-extended\">\n\t\t\t\t\t<div class=\"elementor-column elementor-col-50 elementor-top-column elementor-element elementor-element-bb9aefe\" data-id=\"bb9aefe\" data-element_type=\"column\">\n\t\t\t<div class=\"elementor-widget-wrap elementor-element-populated\">\n\t\t\t\t\t\t<div class=\"elementor-element elementor-element-eb82f2d elementor-widget elementor-widget-nuss-image\" data-id=\"eb82f2d\" data-element_type=\"widget\" data-widget_type=\"nuss-image.default\">\n\t\t\t\t<div class=\"elementor-widget-container\">\n\t\t\t\t\t\t\t\t\t\t<div class=\"elementor-image\">\r\n\t\t\t\t\t\t\t\t\t\t\t\t<img loading=\"lazy\" decoding=\"async\" width=\"414\" height=\"630\" src=\"https:\/\/cancamades.com\/wp-content\/uploads\/2022\/12\/Illa-Roja.avif\" class=\"attachment-full size-full wp-image-8798\" alt=\"Vibrant sunset over the ocean with a prominent rocky formation and sandy beach in the foreground, showcasing natural coastal beauty and serene seascape.\" \/>\t\t\t\t\t\t\t\t\t\t\t\t\t\t<\/div>\r\n\t\t\t\t\t\t\t\t<\/div>\n\t\t\t\t<\/div>\n\t\t\t\t\t<\/div>\n\t\t<\/div>\n\t\t\t\t<div class=\"elementor-column elementor-col-50 elementor-top-column elementor-element elementor-element-52e3b30\" data-id=\"52e3b30\" data-element_type=\"column\">\n\t\t\t<div class=\"elementor-widget-wrap elementor-element-populated\">\n\t\t\t\t\t\t<div class=\"elementor-element elementor-element-58b8620 elementor-widget elementor-widget-nuss-heading\" data-id=\"58b8620\" data-element_type=\"widget\" data-widget_type=\"nuss-heading.default\">\n\t\t\t\t<div class=\"elementor-widget-container\">\n\t\t\t\t\t\t\t<div class=\"nuss-modern-heading\">\r\n\t\t\t\r\n\t\t\t\t\t\t<div class=\"heading-primary-wrap\">\r\n\t\t\t\t<h2 class=\"heading-primary elementor-heading-title\">Illa Roja<\/h2>\t\t\t<\/div>\r\n\t\t\r\n\t\t\t\r\n\t\t\t\t\t\t<div class=\"heading-description-wrap\">\r\n\t\t\t\t<div class=\"heading-description\">\r\n\t\t\t\t\t<p>Bucht, in der Nudismus praktiziert wird, ist eine der gr\u00f6\u00dften nach Sa Riera. Es zeichnet sich dadurch aus, dass es von einer r\u00f6tlichen Felseninsel beherrscht wird, von der sein Name stammt. Ruhig, ohne Menschenmassen, feiner Sand - Granatapfel und transparentes Wasser.<\/p>\t\t\t\t<\/div>\r\n\t\t\t<\/div>\r\n\t\t\t\t<\/div>\r\n\t\t\t\t\t<\/div>\n\t\t\t\t<\/div>\n\t\t\t\t<div class=\"elementor-element elementor-element-627165e elementor-widget elementor-widget-button\" data-id=\"627165e\" data-element_type=\"widget\" data-widget_type=\"button.default\">\n\t\t\t\t<div class=\"elementor-widget-container\">\n\t\t\t\t\t\t\t\t\t<div class=\"elementor-button-wrapper\">\n\t\t\t\t\t<a class=\"elementor-button elementor-button-link elementor-size-sm\" href=\"https:\/\/goo.gl\/maps\/JSWsnFSGUkketkYo7\" target=\"_blank\">\n\t\t\t\t\t\t<span class=\"elementor-button-content-wrapper\">\n\t\t\t\t\t\t\t\t\t<span class=\"elementor-button-text\">Google Maps<\/span>\n\t\t\t\t\t<\/span>\n\t\t\t\t\t<\/a>\n\t\t\t\t<\/div>\n\t\t\t\t\t\t\t\t<\/div>\n\t\t\t\t<\/div>\n\t\t\t\t\t<\/div>\n\t\t<\/div>\n\t\t\t\t\t<\/div>\n\t\t<\/section>\n\t\t\t\t<section class=\"elementor-section elementor-top-section elementor-element elementor-element-083923f elementor-section-boxed elementor-section-gap-beside-yes elementor-section-height-default elementor-section-height-default elementor-section-column-vertical-align-stretch\" data-id=\"083923f\" data-element_type=\"section\">\n\t\t\t\t\t\t<div class=\"elementor-container elementor-column-gap-extended\">\n\t\t\t\t\t<div class=\"elementor-column elementor-col-50 elementor-top-column elementor-element elementor-element-0bf1014\" data-id=\"0bf1014\" data-element_type=\"column\">\n\t\t\t<div class=\"elementor-widget-wrap elementor-element-populated\">\n\t\t\t\t\t\t<div class=\"elementor-element elementor-element-6067040 elementor-widget elementor-widget-nuss-image\" data-id=\"6067040\" data-element_type=\"widget\" data-widget_type=\"nuss-image.default\">\n\t\t\t\t<div class=\"elementor-widget-container\">\n\t\t\t\t\t\t\t\t\t\t<div class=\"elementor-image\">\r\n\t\t\t\t\t\t\t\t\t\t\t\t<img loading=\"lazy\" decoding=\"async\" width=\"856\" height=\"432\" src=\"https:\/\/cancamades.com\/wp-content\/uploads\/2022\/12\/Platge-de-Pals.avif\" class=\"attachment-large size-large wp-image-8806\" alt=\"Can Camades beachfront with clear blue sea and sandy beach, popular destination in Mallorca for relaxing and sunbathing.\" \/>\t\t\t\t\t\t\t\t\t\t\t\t\t\t<\/div>\r\n\t\t\t\t\t\t\t\t<\/div>\n\t\t\t\t<\/div>\n\t\t\t\t\t<\/div>\n\t\t<\/div>\n\t\t\t\t<div class=\"elementor-column elementor-col-50 elementor-top-column elementor-element elementor-element-3c3d3b2\" data-id=\"3c3d3b2\" data-element_type=\"column\">\n\t\t\t<div class=\"elementor-widget-wrap elementor-element-populated\">\n\t\t\t\t\t\t<div class=\"elementor-element elementor-element-d51a579 elementor-widget elementor-widget-nuss-heading\" data-id=\"d51a579\" data-element_type=\"widget\" data-widget_type=\"nuss-heading.default\">\n\t\t\t\t<div class=\"elementor-widget-container\">\n\t\t\t\t\t\t\t<div class=\"nuss-modern-heading\">\r\n\t\t\t\r\n\t\t\t\t\t\t<div class=\"heading-primary-wrap\">\r\n\t\t\t\t<h2 class=\"heading-primary elementor-heading-title\">Platge de Pals<\/h2>\t\t\t<\/div>\r\n\t\t\r\n\t\t\t\r\n\t\t\t\t\t\t<div class=\"heading-description-wrap\">\r\n\t\t\t\t<div class=\"heading-description\">\r\n\t\t\t\t\t<p>Ein riesiger Strand, mehr als 2,4 km lang, der ein st\u00e4rker urbanisiertes Gebiet mit zahlreichen Dienstleistungen mit einem anderen praktisch unber\u00fchrten kombiniert, an dem die D\u00fcnen und die Routen, die wir zu Fu\u00df oder mit dem Fahrrad zur\u00fccklegen k\u00f6nnen, hervorstechen. Bis vor einigen Jahren befanden sich hier die erkennbaren und hohen Antennen von Radio Liberty, die die amerikanische Regierung w\u00e4hrend des Kalten Krieges benutzte, um Propaganda in die kommunistischen L\u00e4nder des Blocks der Sowjetunion zu senden. Jetzt, ohne die Antennen, wurde dieser Raum vor urbaner Spekulation bewahrt und ist eine nat\u00fcrliche Umgebung. Ebenfalls den Wellen ausgesetzt und mit einem steilen Zugang zum Wasser, ist der n\u00e4chste Parkplatz kostenpflichtig. Der Strand bildet eine Kontinuit\u00e4t mit dem von Grau (Pals) und dem von Rac\u00f3 (Begur).<\/p>\t\t\t\t<\/div>\r\n\t\t\t<\/div>\r\n\t\t\t\t<\/div>\r\n\t\t\t\t\t<\/div>\n\t\t\t\t<\/div>\n\t\t\t\t<div class=\"elementor-element elementor-element-b40af6a elementor-widget elementor-widget-button\" data-id=\"b40af6a\" data-element_type=\"widget\" data-widget_type=\"button.default\">\n\t\t\t\t<div class=\"elementor-widget-container\">\n\t\t\t\t\t\t\t\t\t<div class=\"elementor-button-wrapper\">\n\t\t\t\t\t<a class=\"elementor-button elementor-button-link elementor-size-sm\" href=\"https:\/\/goo.gl\/maps\/LuYGopAzNgYxusmTA\" target=\"_blank\">\n\t\t\t\t\t\t<span class=\"elementor-button-content-wrapper\">\n\t\t\t\t\t\t\t\t\t<span class=\"elementor-button-text\">Google Maps<\/span>\n\t\t\t\t\t<\/span>\n\t\t\t\t\t<\/a>\n\t\t\t\t<\/div>\n\t\t\t\t\t\t\t\t<\/div>\n\t\t\t\t<\/div>\n\t\t\t\t\t<\/div>\n\t\t<\/div>\n\t\t\t\t\t<\/div>\n\t\t<\/section>\n\t\t\t\t<\/div>\n\t\t","protected":false},"excerpt":{"rendered":"<p>Emp\u00faries (15 minutes away) Sant Mart\u00ed d&#8217;Emp\u00faries, ehemalige Hauptstadt der Grafschaft Emp\u00faries, ist heute eine charmante Stadt, die sich durch die Erhaltung eines bedeutenden Teils ihres mittelalterlichen architektonischen Erbes auszeichnet. Tats\u00e4chlich ist Sant Mart\u00ed ein Bev\u00f6lkerungszentrum, das administrativ vom benachbarten l&#8217;Escala abh\u00e4ngig ist und das sich praktisch nicht \u00fcber seine urspr\u00fcnglichen Mauern hinaus ausgebreitet hat. [&hellip;]<\/p>\n","protected":false},"author":1,"featured_media":0,"parent":0,"menu_order":0,"comment_status":"closed","ping_status":"closed","template":"elementor_header_footer","meta":{"_acf_changed":false,"_seopress_robots_primary_cat":"","_seopress_titles_title":"Str\u00e4nde & Buchten an der Costa Brava | Cancamades Guide","_seopress_titles_desc":"Entdecken Sie die sch\u00f6nsten versteckten Str\u00e4nde & Buchten der Costa Brava. Ihr lokaler Guide mit Geheimtipps f\u00fcr unvergessliches Baden.","_seopress_robots_index":"","footnotes":""},"class_list":["post-7256","page","type-page","status-publish","hentry","post-no-thumbnail"],"acf":[],"_links":{"self":[{"href":"https:\/\/cancamades.com\/de\/wp-json\/wp\/v2\/pages\/7256","targetHints":{"allow":["GET"]}}],"collection":[{"href":"https:\/\/cancamades.com\/de\/wp-json\/wp\/v2\/pages"}],"about":[{"href":"https:\/\/cancamades.com\/de\/wp-json\/wp\/v2\/types\/page"}],"author":[{"embeddable":true,"href":"https:\/\/cancamades.com\/de\/wp-json\/wp\/v2\/users\/1"}],"replies":[{"embeddable":true,"href":"https:\/\/cancamades.com\/de\/wp-json\/wp\/v2\/comments?post=7256"}],"version-history":[{"count":22,"href":"https:\/\/cancamades.com\/de\/wp-json\/wp\/v2\/pages\/7256\/revisions"}],"predecessor-version":[{"id":10510,"href":"https:\/\/cancamades.com\/de\/wp-json\/wp\/v2\/pages\/7256\/revisions\/10510"}],"wp:attachment":[{"href":"https:\/\/cancamades.com\/de\/wp-json\/wp\/v2\/media?parent=7256"}],"curies":[{"name":"wp","href":"https:\/\/api.w.org\/{rel}","templated":true}]}}