{"id":8634,"date":"2022-10-25T14:47:12","date_gmt":"2022-10-25T14:47:12","guid":{"rendered":"https:\/\/cancamades.com\/politica-de-privacitat-2\/"},"modified":"2023-04-12T15:47:52","modified_gmt":"2023-04-12T15:47:52","slug":"politica-de-privacitat-2","status":"publish","type":"page","link":"https:\/\/cancamades.com\/ca\/politica-de-privacitat-2\/","title":{"rendered":"Politica de cancel.laci\u00f3 i privacitat"},"content":{"rendered":"\t\t<div data-elementor-type=\"wp-page\" data-elementor-id=\"8634\" class=\"elementor elementor-8634 elementor-3\">\n\t\t\t\t\t\t<section class=\"elementor-section elementor-top-section elementor-element elementor-element-37558984 elementor-section-boxed elementor-section-gap-beside-yes elementor-section-height-default elementor-section-height-default elementor-section-column-vertical-align-stretch\" data-id=\"37558984\" data-element_type=\"section\">\n\t\t\t\t\t\t<div class=\"elementor-container elementor-column-gap-extended\">\n\t\t\t\t\t<div class=\"elementor-column elementor-col-100 elementor-top-column elementor-element elementor-element-1e447594\" data-id=\"1e447594\" data-element_type=\"column\">\n\t\t\t<div class=\"elementor-widget-wrap elementor-element-populated\">\n\t\t\t\t\t\t<div class=\"elementor-element elementor-element-5f84a9c3 elementor-widget elementor-widget-text-editor\" data-id=\"5f84a9c3\" data-element_type=\"widget\" data-widget_type=\"text-editor.default\">\n\t\t\t\t<div class=\"elementor-widget-container\">\n\t\t\t\t\t\t\t\t\t<h2>Pol\u00edtica de cancel.laci\u00f3<\/h2>\r\nReemborsament complet per a les cancel\u00b7lacions que es facin fins a 30 dies abans de l&#8217;arribada. Si reserveu quan faltin menys de 30 dies per a l&#8217;arribada, rebreu un reemborsament complet sempre que cancel\u00b7leu en les 48 hores posteriors a la reserva i almenys 14 dies abans de l&#8217;inici de l&#8217;estada. Passat aquest termini, obtindr\u00e0s un reemborsament del 50% si cancel\u00b7les fins a 7 dies abans de l&#8217;arribada. Si cancel\u00b7les quan quedi menys temps, no rebr\u00e0s cap reemborsament.\r\n\r\nEn acceptar els Termes de Servei i publicar el teu espai, et compromets a complir la legislaci\u00f3 i la normativa aplicables.\r\n<h2>P<em>rotecci\u00f3\u00a0de\u00a0dades\u00a0personals<\/em><\/h2>\r\nEn virtut de la normativa sobre la Protecci\u00f3 de Dades de car\u00e0cter personal, el fem coneixedor de que les seves dades personals, que puguin estar en aquesta comunicaci\u00f3, s\u00f3n incorporades en un fitxer denominat \u201cContactes\u201d responsabilitat de la mercantil CAN CAMADES , SL, CIF B-72749542. La finalitat d\u2019aquest fitxer \u00e9s la de gestionar la relaci\u00f3 negocial i informar-li dels nostres serveis. Aquestes dades no seran transmeses a terceres persones.\r\n\r\nAix\u00ed\u00a0mateix, per a\u00a0accedir\u00a0a\u00a0alguns\u00a0dels\u00a0serveis\u00a0que CAN CAMADES SL\u00a0ofereix\u00a0a trav\u00e9s del\u00a0website\u00a0haur\u00e0\u00a0de proporcionar\u00a0algunes\u00a0dades\u00a0de\u00a0car\u00e0cter\u00a0personal. En\u00a0compliment\u00a0de\u00a0l\u2019establert\u00a0en la LO 15\/1999, de 13 de desembre, de\u00a0Protecci\u00f3\u00a0de\u00a0Dades\u00a0de\u00a0Car\u00e0cter\u00a0Personal\u00a0li\u00a0informem\u00a0que,\u00a0mitjan\u00e7ant\u00a0la\u00a0complementaci\u00f3\u00a0del\u00a0formulari, les\u00a0seves\u00a0dades\u00a0personals\u00a0quedaran\u00a0incorporades\u00a0i\u00a0seran\u00a0tractades\u00a0en\u00a0els\u00a0fitxers\u00a0de CAN CAMADES SL\u00a0amb\u00a0la\u00a0finalitat\u00a0de poder-li\u00a0prestar i\u00a0oferir\u00a0els\u00a0nostres\u00a0serveis,\u00a0aix\u00ed\u00a0com per a informar-li\u00a0de les\u00a0millores\u00a0del\u00a0lloc\u00a0Web.\r\n\r\nSi desitja exercitar els seus drets d\u2019acc\u00e9s, rectificaci\u00f3 o supressi\u00f3, la limitaci\u00f3 del tractament o oposar-se, aix\u00ed com el dret a la portabilitat de les dades, pot dirigir-se a Pla\u00e7a del Castell, 9 17134 La Tallada d\u2019Empord\u00e0 o b\u00e9, enviar un correu electr\u00f2nic a <a href=\"mailto:info@cancamades.com\">info@cancamades.com<\/a>.\r\n<h2>P<em>ropietat\u00a0industrial i\u00a0intel\u00b7lectual<\/em><\/h2>\r\nAquesta\u00a0web \u00e9s\u00a0propietat\u00a0de CAN CAMADES, SL.\u00a0Els\u00a0drets\u00a0de\u00a0Propietat\u00a0Intel\u00b7lectual\u00a0i\u00a0drets\u00a0d\u2019explotaci\u00f3\u00a0i\u00a0reproducci\u00f3\u00a0d\u2019aquesta\u00a0web, de les\u00a0seves\u00a0p\u00e0gines,\u00a0pantalles, la\u00a0informaci\u00f3\u00a0que\u00a0contenen, la\u00a0seva\u00a0aparen\u00e7a\u00a0i\u00a0disseny,\u00a0aix\u00ed\u00a0com\u00a0els\u00a0vincles\u00a0(\u201chiperlinks) que\u00a0s\u2019estableixin\u00a0des\u00a0d\u2019ella\u00a0a\u00a0d\u2019altres\u00a0p\u00e0gines\u00a0web de\u00a0qualsevol\u00a0societat\u00a0filial i\/o dominada\u00a0de CAN CAMADES, SL,\u00a0s\u00f3n\u00a0propietat\u00a0exclusiva\u00a0d\u2019aquesta, a no ser que\u00a0expressament\u00a0s\u2019especifiqui\u00a0una\u00a0altra\u00a0cosa.\r\n\r\nQualsevol\u00a0denominaci\u00f3,\u00a0disseny\u00a0i\/o\u00a0logotip,\u00a0aix\u00ed\u00a0com\u00a0qualsevol\u00a0producte\u00a0o\u00a0servei\u00a0ofert\u00a0i\u00a0reflectit\u00a0en\u00a0aquesta\u00a0p\u00e0gina\u00a0web,\u00a0s\u00f3n\u00a0marques\u00a0degudament\u00a0registrades\u00a0per CAN CAMADES, SL,\u00a0per\u00a0les\u00a0seves\u00a0societats\u00a0filials\u00a0i\/o\u00a0dominades\u00a0o per\u00a0tercers.\r\n\r\nQualsevol\u00a0\u00fas\u00a0indegut\u00a0de les\u00a0mateixes\u00a0per persones\u00a0diferents\u00a0del\u00a0seu\u00a0leg\u00edtim\u00a0titular i\u00a0sense\u00a0el\u00a0consentiment\u00a0expr\u00e9s i\u00a0inequ\u00edvoc\u00a0per\u00a0part\u00a0d\u2019aquest\u00a0podr\u00e0\u00a0ser\u00a0denunciat\u00a0i\u00a0perseguit\u00a0a trav\u00e9s de\u00a0tots\u00a0els\u00a0medis\u00a0legals\u00a0existents\u00a0en\u00a0l\u2019Ordenament\u00a0Jur\u00eddic\u00a0espanyol\u00a0i\/o\u00a0comunitari.\r\n\r\nEls\u00a0drets\u00a0de\u00a0propietat\u00a0intel\u00b7lectual\u00a0i\u00a0marques\u00a0de\u00a0tercers\u00a0estan\u00a0destacats\u00a0convenientment\u00a0i han de ser\u00a0respectats\u00a0per\u00a0tot\u00a0aquell\u00a0que\u00a0accedeixi\u00a0a\u00a0aquesta\u00a0p\u00e0gina, no\u00a0siguin\u00a0responsabilitat de CAN CAMADES, SL\u00a0l\u2019\u00fas\u00a0que\u00a0l\u2019usuari\u00a0pugui\u00a0portar a\u00a0terme\u00a0al respecte,\u00a0tenint\u00a0la\u00a0responsabilitat\u00a0exclusiva en la\u00a0seva\u00a0persona.\r\n\r\nTan\u00a0sols\u00a0per un\u00a0\u00fas\u00a0personal i\u00a0privat\u00a0es\u00a0permet\u00a0descarregar\u00a0els\u00a0continguts, copiar o imprimir\u00a0qualsevol\u00a0p\u00e0gina\u00a0d\u2019aquesta\u00a0web. Queda\u00a0prohibit\u00a0reproduir,\u00a0transmetre, modificar o suprimir la\u00a0informaci\u00f3,\u00a0contingut\u00a0o\u00a0advert\u00e8ncies\u00a0d\u2019aquesta\u00a0web\u00a0sense\u00a0la\u00a0seva\u00a0pr\u00e8via\u00a0autoritzaci\u00f3 per\u00a0escrita\u00a0de CAN CAMADES, SL.\r\n\r\nCAN CAMADES, SL no\u00a0transfereix\u00a0als\u00a0usuaris\u00a0la\u00a0propietat\u00a0del software.\u00a0L\u2019usuari\u00a0\u00e9s\u00a0el\u00a0propietari\u00a0del\u00a0suport\u00a0en el\u00a0qual\u00a0el software \u00e9s\u00a0gravat. CAN CAMADES, SL\u00a0posseeix\u00a0tots\u00a0els\u00a0drets\u00a0de\u00a0propietat\u00a0industrial i\u00a0intel\u00b7lectual,\u00a0incloent\u00a0el software. Si\u00a0l\u2019usuari\u00a0transfereix\u00a0el software\u00a0d\u2019aquest\u00a0lloc\u00a0web al\u00a0seu\u00a0terminal, no\u00a0podr\u00e0\u00a0diseccionar per al\u00a0seu\u00a0estudi\u00a0i descompilar,\u00a0traduir\u00a0la\u00a0versi\u00f3\u00a0del\u00a0codi\u00a0objecte\u00a0original o el\u00a0llenguatge\u00a0a un\u00a0altre\u00a0codi\u00a0o\u00a0llenguatge.\r\n<h2><em>Llei aplicable i jurisdicci\u00f3<\/em><\/h2>\r\nLes\u00a0presents\u00a0condicions\u00a0generals\u00a0es\u00a0regeixen\u00a0per la\u00a0Legislaci\u00f3\u00a0espanyola,\u00a0siguin\u00a0competents\u00a0els\u00a0Jutjats\u00a0i\u00a0Tribunals\u00a0espanyols\u00a0per\u00a0con\u00e8ixer\u00a0de\u00a0quantes\u00a0q\u00fcestions\u00a0es\u00a0suscitin\u00a0sobre la\u00a0interpretaci\u00f3,\u00a0aplicaci\u00f3\u00a0i\u00a0compliment\u00a0de les\u00a0mateixes. L\u2019USUARI, per\u00a0virtut\u00a0de la\u00a0seva\u00a0acceptaci\u00f3\u00a0a les\u00a0condicions\u00a0generals\u00a0recollides\u00a0en\u00a0aquest\u00a0av\u00eds\u00a0legal, renuncia\u00a0expressament\u00a0a\u00a0qualsevol\u00a0fur\u00a0que, per\u00a0aplicaci\u00f3\u00a0de la\u00a0Llei\u00a0d\u2019Enjudiciament\u00a0Civil\u00a0vigent\u00a0pogu\u00e9s\u00a0correspondre-li.\r\n<h2>Cookies<\/h2>\r\nSi deixeu un comentari al nostre lloc, podeu optar per desar el vostre nom, adre\u00e7a de correu electr\u00f2nic i lloc web a les galetes. Aquestes s\u00f3n per a la teva comoditat perqu\u00e8 no hagis d&#8217;omplir les teves dades de nou quan deixis un altre comentari. Aquestes galetes duraran un any.\r\n\r\nSi visiteu la nostra p\u00e0gina d&#8217;inici de sessi\u00f3, establirem una galeta temporal per determinar si el vostre navegador accepta cookies. Aquesta galeta no cont\u00e9 dades personals i es descarta quan tanqueu el navegador.\r\n\r\nQuan inicieu sessi\u00f3, tamb\u00e9 configurarem diverses galetes per desar la vostra informaci\u00f3 d&#8217;inici de sessi\u00f3 i les vostres opcions de visualitzaci\u00f3 de la pantalla. Les galetes d&#8217;inici de sessi\u00f3 duren dos dies i les d&#8217;opcions de pantalla un any. Si seleccioneu &#8220;Recorda&#8217;m&#8221;, el vostre inici de sessi\u00f3 es mantindr\u00e0 durant dues setmanes. Si tanqueu la sessi\u00f3 del vostre compte, les galetes d&#8217;inici de sessi\u00f3 s&#8217;eliminaran.\r\n\r\nSi editeu o publiqueu un article, es desar\u00e0 una galeta addicional al vostre navegador. Aquesta galeta no inclou dades personals i simplement indica l&#8217;ID de publicaci\u00f3 de l&#8217;article que acabeu d&#8217;editar. Caduca al cap d&#8217;1 dia.\t\t\t\t\t\t\t\t<\/div>\n\t\t\t\t<\/div>\n\t\t\t\t\t<\/div>\n\t\t<\/div>\n\t\t\t\t\t<\/div>\n\t\t<\/section>\n\t\t\t\t<\/div>\n\t\t","protected":false},"excerpt":{"rendered":"<p>Pol\u00edtica de cancel.laci\u00f3 Reemborsament complet per a les cancel\u00b7lacions que es facin fins a 30 dies abans de l&#8217;arribada. Si reserveu quan faltin menys de 30 dies per a l&#8217;arribada, rebreu un reemborsament complet sempre que cancel\u00b7leu en les 48 hores posteriors a la reserva i almenys 14 dies abans de l&#8217;inici de l&#8217;estada. Passat [&hellip;]<\/p>\n","protected":false},"author":1,"featured_media":0,"parent":0,"menu_order":0,"comment_status":"closed","ping_status":"open","template":"","meta":{"_acf_changed":false,"_seopress_robots_primary_cat":"0","_seopress_titles_title":"","_seopress_titles_desc":"","_seopress_robots_index":"","footnotes":""},"class_list":["post-8634","page","type-page","status-publish","hentry","post-no-thumbnail"],"acf":[],"_links":{"self":[{"href":"https:\/\/cancamades.com\/ca\/wp-json\/wp\/v2\/pages\/8634","targetHints":{"allow":["GET"]}}],"collection":[{"href":"https:\/\/cancamades.com\/ca\/wp-json\/wp\/v2\/pages"}],"about":[{"href":"https:\/\/cancamades.com\/ca\/wp-json\/wp\/v2\/types\/page"}],"author":[{"embeddable":true,"href":"https:\/\/cancamades.com\/ca\/wp-json\/wp\/v2\/users\/1"}],"replies":[{"embeddable":true,"href":"https:\/\/cancamades.com\/ca\/wp-json\/wp\/v2\/comments?post=8634"}],"version-history":[{"count":9,"href":"https:\/\/cancamades.com\/ca\/wp-json\/wp\/v2\/pages\/8634\/revisions"}],"predecessor-version":[{"id":10080,"href":"https:\/\/cancamades.com\/ca\/wp-json\/wp\/v2\/pages\/8634\/revisions\/10080"}],"wp:attachment":[{"href":"https:\/\/cancamades.com\/ca\/wp-json\/wp\/v2\/media?parent=8634"}],"curies":[{"name":"wp","href":"https:\/\/api.w.org\/{rel}","templated":true}]}}