{"id":7246,"date":"2022-10-09T01:22:29","date_gmt":"2022-10-09T01:22:29","guid":{"rendered":"https:\/\/cancamades.com\/spa\/"},"modified":"2025-10-01T09:50:38","modified_gmt":"2025-10-01T09:50:38","slug":"platges","status":"publish","type":"page","link":"https:\/\/cancamades.com\/ca\/platges\/","title":{"rendered":"Platges"},"content":{"rendered":"\t\t<div data-elementor-type=\"wp-page\" data-elementor-id=\"7246\" class=\"elementor elementor-7246 elementor-2108\">\n\t\t\t\t\t\t<section class=\"elementor-section elementor-top-section elementor-element elementor-element-5003f03 elementor-section-boxed elementor-section-gap-beside-yes elementor-section-height-default elementor-section-height-default elementor-section-column-vertical-align-stretch\" data-id=\"5003f03\" data-element_type=\"section\">\n\t\t\t\t\t\t<div class=\"elementor-container elementor-column-gap-extended\">\n\t\t\t\t\t<div class=\"elementor-column elementor-col-100 elementor-top-column elementor-element elementor-element-c6766ea\" data-id=\"c6766ea\" data-element_type=\"column\">\n\t\t\t<div class=\"elementor-widget-wrap elementor-element-populated\">\n\t\t\t\t\t\t<section class=\"elementor-section elementor-inner-section elementor-element elementor-element-ed55e00 elementor-section-boxed elementor-section-gap-beside-yes elementor-section-height-default elementor-section-height-default elementor-section-column-vertical-align-stretch\" data-id=\"ed55e00\" data-element_type=\"section\">\n\t\t\t\t\t\t<div class=\"elementor-container elementor-column-gap-extended\">\n\t\t\t\t\t<div class=\"elementor-column elementor-col-50 elementor-inner-column elementor-element elementor-element-3e5a07f\" data-id=\"3e5a07f\" data-element_type=\"column\">\n\t\t\t<div class=\"elementor-widget-wrap elementor-element-populated\">\n\t\t\t\t\t\t<div class=\"elementor-element elementor-element-96e3487 bullets-v-align-below elementor-widget elementor-widget-nuss-image-carousel\" data-id=\"96e3487\" data-element_type=\"widget\" data-widget_type=\"nuss-image-carousel.default\">\n\t\t\t\t<div class=\"elementor-widget-container\">\n\t\t\t\t\t\r\n\t\t<div  class=\"nuss-swiper nuss-slider-widget\" data-lg-items=\"1\" data-lg-gutter=\"10\" data-loop=\"1\" data-simulate-touch=\"1\" data-speed=\"1000\" data-effect=\"slide\">\r\n\t\t\t<div class=\"swiper-inner\">\r\n\r\n\t\t\t\t\r\n\t\t\t\t<div class=\"swiper-container swiper\">\r\n\t\t\t\t\t<div class=\"swiper-wrapper\">\r\n\t\t\t\t\t\t\t\t\t<div class=\"swiper-slide\">\r\n\t\t\t\t<div class=\"image\">\r\n\t\t\t\t\t<img decoding=\"async\"  src=\"https:\/\/cancamades.com\/wp-content\/uploads\/2022\/12\/826574e8-5928-4ac3-a139-9cc5e31fbd41-768x576.jpg\" alt=\"Serene beach scene with clear blue sky, calm ocean water, sandy shoreline, and green trees, showcasing the natural beauty of Can Camades coastal area. Perfect for relaxing or exploring nature.\" \/>\t\t\t\t<\/div>\r\n\t\t\t<\/div>\r\n\t\t\t\t\t\t\t\t<\/div>\r\n\t\t\t\t<\/div>\r\n\r\n\t\t\t\t\r\n\t\t\t<\/div>\r\n\t\t<\/div>\r\n\t\t\t\t\t\t<\/div>\n\t\t\t\t<\/div>\n\t\t\t\t\t<\/div>\n\t\t<\/div>\n\t\t\t\t<div class=\"elementor-column elementor-col-50 elementor-inner-column elementor-element elementor-element-848a5aa\" data-id=\"848a5aa\" data-element_type=\"column\">\n\t\t\t<div class=\"elementor-widget-wrap elementor-element-populated\">\n\t\t\t\t\t\t<div class=\"elementor-element elementor-element-cabd158 elementor-widget elementor-widget-nuss-heading\" data-id=\"cabd158\" data-element_type=\"widget\" data-widget_type=\"nuss-heading.default\">\n\t\t\t\t<div class=\"elementor-widget-container\">\n\t\t\t\t\t\t\t<div class=\"nuss-modern-heading\">\r\n\t\t\t\r\n\t\t\t\t\t\t<div class=\"heading-primary-wrap\">\r\n\t\t\t\t<h2 class=\"heading-primary elementor-heading-title\">Emp\u00faries (15 minutes away)<br><\/h2>\t\t\t<\/div>\r\n\t\t\r\n\t\t\t\r\n\t\t\t\t\t\t<div class=\"heading-description-wrap\">\r\n\t\t\t\t<div class=\"heading-description\">\r\n\t\t\t\t\t<p>Antiga capital de la comarca d'Emp\u00faries, Sant Mart\u00ed d'Emp\u00faries \u00e9s actualment un poble amb encant caracteritzat per la conservaci\u00f3 d'una part important del seu llegat arquitect\u00f2nic medieval. De fet, Sant Mart\u00ed \u00e9s un nucli de poblaci\u00f3 que dep\u00e8n administrativament de la ve\u00efna l'Escala, i que pr\u00e0cticament no s'ha expandit fora de les seves muralles originals.<\/p><p>Aix\u00ed, encara podem observar part de les estructures i murs de origen medieval i el tra\u00e7at original de molts dels seus carrers. Les principals art\u00e8ries del municipi acaben confluint a la pla\u00e7a Major, un dels seus principals atractius tur\u00edstics. Tot el seu conjunt arquitect\u00f2nic est\u00e0 protegit com a B\u00e9 Cultural d'Inter\u00e8s Nacional.<\/p><p><\/p>\t\t\t\t<\/div>\r\n\t\t\t<\/div>\r\n\t\t\t\t<\/div>\r\n\t\t\t\t\t<\/div>\n\t\t\t\t<\/div>\n\t\t\t\t<div class=\"elementor-element elementor-element-8d6f63f elementor-widget elementor-widget-button\" data-id=\"8d6f63f\" data-element_type=\"widget\" data-widget_type=\"button.default\">\n\t\t\t\t<div class=\"elementor-widget-container\">\n\t\t\t\t\t\t\t\t\t<div class=\"elementor-button-wrapper\">\n\t\t\t\t\t<a class=\"elementor-button elementor-button-link elementor-size-sm\" href=\"https:\/\/goo.gl\/maps\/sh5E6SBpLtwhNPcM6\" target=\"_blank\">\n\t\t\t\t\t\t<span class=\"elementor-button-content-wrapper\">\n\t\t\t\t\t\t\t\t\t<span class=\"elementor-button-text\">Google Maps<\/span>\n\t\t\t\t\t<\/span>\n\t\t\t\t\t<\/a>\n\t\t\t\t<\/div>\n\t\t\t\t\t\t\t\t<\/div>\n\t\t\t\t<\/div>\n\t\t\t\t\t<\/div>\n\t\t<\/div>\n\t\t\t\t\t<\/div>\n\t\t<\/section>\n\t\t\t\t\t<\/div>\n\t\t<\/div>\n\t\t\t\t\t<\/div>\n\t\t<\/section>\n\t\t\t\t<section class=\"elementor-section elementor-top-section elementor-element elementor-element-70488d1 elementor-section-boxed elementor-section-gap-beside-yes elementor-section-height-default elementor-section-height-default elementor-section-column-vertical-align-stretch\" data-id=\"70488d1\" data-element_type=\"section\">\n\t\t\t\t\t\t<div class=\"elementor-container elementor-column-gap-extended\">\n\t\t\t\t\t<div class=\"elementor-column elementor-col-50 elementor-top-column elementor-element elementor-element-6bda16c\" data-id=\"6bda16c\" data-element_type=\"column\">\n\t\t\t<div class=\"elementor-widget-wrap elementor-element-populated\">\n\t\t\t\t\t\t<div class=\"elementor-element elementor-element-3d7fae7 elementor-widget elementor-widget-nuss-image\" data-id=\"3d7fae7\" data-element_type=\"widget\" data-widget_type=\"nuss-image.default\">\n\t\t\t\t<div class=\"elementor-widget-container\">\n\t\t\t\t\t\t\t\t\t\t<div class=\"elementor-image\">\r\n\t\t\t\t\t\t\t\t\t\t\t\t<img fetchpriority=\"high\" decoding=\"async\" width=\"768\" height=\"510\" src=\"https:\/\/cancamades.com\/wp-content\/uploads\/2022\/12\/Cala-Montgo-768x510.png\" class=\"attachment-medium_large size-medium_large wp-image-8776\" alt=\"Serene coastal landscape at sunset with calm waters, lush trees, and charming hillside villas, perfect for relaxing vacations and scenic getaways in Can Camades, Mallorca.\" srcset=\"https:\/\/cancamades.com\/wp-content\/uploads\/2022\/12\/Cala-Montgo-768x510.png 768w, https:\/\/cancamades.com\/wp-content\/uploads\/2022\/12\/Cala-Montgo-300x199.png 300w, https:\/\/cancamades.com\/wp-content\/uploads\/2022\/12\/Cala-Montgo.png 936w\" sizes=\"(max-width: 768px) 100vw, 768px\" \/>\t\t\t\t\t\t\t\t\t\t\t\t\t\t<\/div>\r\n\t\t\t\t\t\t\t\t<\/div>\n\t\t\t\t<\/div>\n\t\t\t\t\t<\/div>\n\t\t<\/div>\n\t\t\t\t<div class=\"elementor-column elementor-col-50 elementor-top-column elementor-element elementor-element-5f46cfc\" data-id=\"5f46cfc\" data-element_type=\"column\">\n\t\t\t<div class=\"elementor-widget-wrap elementor-element-populated\">\n\t\t\t\t\t\t<div class=\"elementor-element elementor-element-4517166 elementor-widget elementor-widget-nuss-heading\" data-id=\"4517166\" data-element_type=\"widget\" data-widget_type=\"nuss-heading.default\">\n\t\t\t\t<div class=\"elementor-widget-container\">\n\t\t\t\t\t\t\t<div class=\"nuss-modern-heading\">\r\n\t\t\t\r\n\t\t\t\t\t\t<div class=\"heading-primary-wrap\">\r\n\t\t\t\t<h2 class=\"heading-primary elementor-heading-title\">Cala Montg\u00f3<\/h2>\t\t\t<\/div>\r\n\t\t\r\n\t\t\t\r\n\t\t\t\t\t\t<div class=\"heading-description-wrap\">\r\n\t\t\t\t<div class=\"heading-description\">\r\n\t\t\t\t\t<p>Aquesta preciosa gran cala de sorra fina es troba als l\u00edmits territorials del poble, entre l'Escala i l'Estartit. Gr\u00e0cies a la seva posici\u00f3, es troba completament arrecerada del vent de Tramontana. Gr\u00e0cies a la seva bellesa natural i al seu entorn urb\u00e0, la platja \u00e9s popular entre turistes i fam\u00edlies. Hi trobareu dutxes i lavabos adaptables, lloguer d'hamaques, socorristes, zona d'aparcament, servei de bar i la possibilitat de practicar alguns esports n\u00e0utics. F\u00e0cil acc\u00e9s caminant o amb cotxe des de l'Escala o l'Estartit, tamb\u00e9 \u00e9s possible accedir a la cala amb vaixell. La platja est\u00e0 certificada amb l'etiqueta \"Bandera Blava\".<\/p>\t\t\t\t<\/div>\r\n\t\t\t<\/div>\r\n\t\t\t\t<\/div>\r\n\t\t\t\t\t<\/div>\n\t\t\t\t<\/div>\n\t\t\t\t<div class=\"elementor-element elementor-element-19d96cd elementor-widget elementor-widget-button\" data-id=\"19d96cd\" data-element_type=\"widget\" data-widget_type=\"button.default\">\n\t\t\t\t<div class=\"elementor-widget-container\">\n\t\t\t\t\t\t\t\t\t<div class=\"elementor-button-wrapper\">\n\t\t\t\t\t<a class=\"elementor-button elementor-button-link elementor-size-sm\" href=\"https:\/\/goo.gl\/maps\/t7yPUrBPdtidNFpT9\" target=\"_blank\">\n\t\t\t\t\t\t<span class=\"elementor-button-content-wrapper\">\n\t\t\t\t\t\t\t\t\t<span class=\"elementor-button-text\">Google Maps<\/span>\n\t\t\t\t\t<\/span>\n\t\t\t\t\t<\/a>\n\t\t\t\t<\/div>\n\t\t\t\t\t\t\t\t<\/div>\n\t\t\t\t<\/div>\n\t\t\t\t\t<\/div>\n\t\t<\/div>\n\t\t\t\t\t<\/div>\n\t\t<\/section>\n\t\t\t\t<section class=\"elementor-section elementor-top-section elementor-element elementor-element-7e9dba4 elementor-section-boxed elementor-section-gap-beside-yes elementor-section-height-default elementor-section-height-default elementor-section-column-vertical-align-stretch\" data-id=\"7e9dba4\" data-element_type=\"section\">\n\t\t\t\t\t\t<div class=\"elementor-container elementor-column-gap-extended\">\n\t\t\t\t\t<div class=\"elementor-column elementor-col-50 elementor-top-column elementor-element elementor-element-3cacb88\" data-id=\"3cacb88\" data-element_type=\"column\">\n\t\t\t<div class=\"elementor-widget-wrap elementor-element-populated\">\n\t\t\t\t\t\t<div class=\"elementor-element elementor-element-5649697 elementor-widget elementor-widget-nuss-image\" data-id=\"5649697\" data-element_type=\"widget\" data-widget_type=\"nuss-image.default\">\n\t\t\t\t<div class=\"elementor-widget-container\">\n\t\t\t\t\t\t\t\t\t\t<div class=\"elementor-image\">\r\n\t\t\t\t\t\t\t\t\t\t\t\t<img decoding=\"async\" width=\"815\" height=\"802\" src=\"https:\/\/cancamades.com\/wp-content\/uploads\/2022\/12\/Cala-Illa-Mateua.avif\" class=\"attachment-large size-large wp-image-8784\" alt=\"Stunning sunset over rocky coastal landscape with calm waters and scenic horizon.\" \/>\t\t\t\t\t\t\t\t\t\t\t\t\t\t<\/div>\r\n\t\t\t\t\t\t\t\t<\/div>\n\t\t\t\t<\/div>\n\t\t\t\t\t<\/div>\n\t\t<\/div>\n\t\t\t\t<div class=\"elementor-column elementor-col-50 elementor-top-column elementor-element elementor-element-7724057\" data-id=\"7724057\" data-element_type=\"column\">\n\t\t\t<div class=\"elementor-widget-wrap elementor-element-populated\">\n\t\t\t\t\t\t<div class=\"elementor-element elementor-element-768fc8f elementor-widget elementor-widget-nuss-heading\" data-id=\"768fc8f\" data-element_type=\"widget\" data-widget_type=\"nuss-heading.default\">\n\t\t\t\t<div class=\"elementor-widget-container\">\n\t\t\t\t\t\t\t<div class=\"nuss-modern-heading\">\r\n\t\t\t\r\n\t\t\t\t\t\t<div class=\"heading-primary-wrap\">\r\n\t\t\t\t<h2 class=\"heading-primary elementor-heading-title\">Illa Mateua<\/h2>\t\t\t<\/div>\r\n\t\t\r\n\t\t\t\r\n\t\t\t\t\t\t<div class=\"heading-description-wrap\">\r\n\t\t\t\t<div class=\"heading-description\">\r\n\t\t\t\t\t<p>Aquesta cala va rebre el nom de l'illot situat davant de la platja. Es troba al nord de Punta Montg\u00f3, al final del Parc Natural del Montgr\u00ed i est\u00e0 format per roques i envoltat d'alts penya-segats escarpats, fent d'aquest lloc el lloc ideal per fer submarinisme: de fet, a uns 15 minuts nedant, Els submarinistes hi poden admirar la proa del remolcador franc\u00e8s \u201cConstantine\u201d, enfonsat l'any 1963, gr\u00e0cies a la pura qualitat de les aig\u00fces de la cala. \u00c9s un lloc al qual es pot accedir f\u00e0cilment caminant pel \u201cCam\u00ed de Ronda\u201d per\u00f2 tamb\u00e9 amb cotxe o mitjan\u00e7ant el tren tur\u00edstic \u201cCarrilet\u201d.<\/p>\t\t\t\t<\/div>\r\n\t\t\t<\/div>\r\n\t\t\t\t<\/div>\r\n\t\t\t\t\t<\/div>\n\t\t\t\t<\/div>\n\t\t\t\t<div class=\"elementor-element elementor-element-4fe4ca2 elementor-widget elementor-widget-button\" data-id=\"4fe4ca2\" data-element_type=\"widget\" data-widget_type=\"button.default\">\n\t\t\t\t<div class=\"elementor-widget-container\">\n\t\t\t\t\t\t\t\t\t<div class=\"elementor-button-wrapper\">\n\t\t\t\t\t<a class=\"elementor-button elementor-button-link elementor-size-sm\" href=\"https:\/\/goo.gl\/maps\/bi1sk8vSq9dZEo9i9\" target=\"_blank\">\n\t\t\t\t\t\t<span class=\"elementor-button-content-wrapper\">\n\t\t\t\t\t\t\t\t\t<span class=\"elementor-button-text\">Google Maps<\/span>\n\t\t\t\t\t<\/span>\n\t\t\t\t\t<\/a>\n\t\t\t\t<\/div>\n\t\t\t\t\t\t\t\t<\/div>\n\t\t\t\t<\/div>\n\t\t\t\t\t<\/div>\n\t\t<\/div>\n\t\t\t\t\t<\/div>\n\t\t<\/section>\n\t\t\t\t<section class=\"elementor-section elementor-top-section elementor-element elementor-element-095df70 elementor-section-boxed elementor-section-gap-beside-yes elementor-section-height-default elementor-section-height-default elementor-section-column-vertical-align-stretch\" data-id=\"095df70\" data-element_type=\"section\">\n\t\t\t\t\t\t<div class=\"elementor-container elementor-column-gap-extended\">\n\t\t\t\t\t<div class=\"elementor-column elementor-col-50 elementor-top-column elementor-element elementor-element-afd448b\" data-id=\"afd448b\" data-element_type=\"column\">\n\t\t\t<div class=\"elementor-widget-wrap elementor-element-populated\">\n\t\t\t\t\t\t<div class=\"elementor-element elementor-element-28dac06 elementor-widget elementor-widget-nuss-image\" data-id=\"28dac06\" data-element_type=\"widget\" data-widget_type=\"nuss-image.default\">\n\t\t\t\t<div class=\"elementor-widget-container\">\n\t\t\t\t\t\t\t\t\t\t<div class=\"elementor-image\">\r\n\t\t\t\t\t\t\t\t\t\t\t\t<img decoding=\"async\" width=\"896\" height=\"473\" src=\"https:\/\/cancamades.com\/wp-content\/uploads\/2022\/12\/Gola-del-Ter.avif\" class=\"attachment-large size-large wp-image-8792\" alt=\"Rock formations by the sea, scenic coastal landscape in Can Camades, Mallorca, Spain, with golden sandy beach and clear blue waters, perfect for travel and nature photography.\" \/>\t\t\t\t\t\t\t\t\t\t\t\t\t\t<\/div>\r\n\t\t\t\t\t\t\t\t<\/div>\n\t\t\t\t<\/div>\n\t\t\t\t\t<\/div>\n\t\t<\/div>\n\t\t\t\t<div class=\"elementor-column elementor-col-50 elementor-top-column elementor-element elementor-element-f755dd4\" data-id=\"f755dd4\" data-element_type=\"column\">\n\t\t\t<div class=\"elementor-widget-wrap elementor-element-populated\">\n\t\t\t\t\t\t<div class=\"elementor-element elementor-element-d07a1f3 elementor-widget elementor-widget-nuss-heading\" data-id=\"d07a1f3\" data-element_type=\"widget\" data-widget_type=\"nuss-heading.default\">\n\t\t\t\t<div class=\"elementor-widget-container\">\n\t\t\t\t\t\t\t<div class=\"nuss-modern-heading\">\r\n\t\t\t\r\n\t\t\t\t\t\t<div class=\"heading-primary-wrap\">\r\n\t\t\t\t<h2 class=\"heading-primary elementor-heading-title\">Gola del Ter<\/h2>\t\t\t<\/div>\r\n\t\t\r\n\t\t\t\r\n\t\t\t\t\t\t<div class=\"heading-description-wrap\">\r\n\t\t\t\t<div class=\"heading-description\">\r\n\t\t\t\t\t<p>\u00c9s un lloc \u00fanic a la Costa Brava, on l'aigua del mar es troba amb la del riu Ter i des d'on es pot observar cara a cara un fenomen extraordinari: una de les millors postes de sol de la zona -damunt la desembocadura del Ter-. i la sortida de la lluna sobre el mar, tot alhora!<\/p>\t\t\t\t<\/div>\r\n\t\t\t<\/div>\r\n\t\t\t\t<\/div>\r\n\t\t\t\t\t<\/div>\n\t\t\t\t<\/div>\n\t\t\t\t<div class=\"elementor-element elementor-element-44c9607 elementor-widget elementor-widget-button\" data-id=\"44c9607\" data-element_type=\"widget\" data-widget_type=\"button.default\">\n\t\t\t\t<div class=\"elementor-widget-container\">\n\t\t\t\t\t\t\t\t\t<div class=\"elementor-button-wrapper\">\n\t\t\t\t\t<a class=\"elementor-button elementor-button-link elementor-size-sm\" href=\"https:\/\/goo.gl\/maps\/FPtBdLfZefVJbhBv7\" target=\"_blank\">\n\t\t\t\t\t\t<span class=\"elementor-button-content-wrapper\">\n\t\t\t\t\t\t\t\t\t<span class=\"elementor-button-text\">Google Maps<\/span>\n\t\t\t\t\t<\/span>\n\t\t\t\t\t<\/a>\n\t\t\t\t<\/div>\n\t\t\t\t\t\t\t\t<\/div>\n\t\t\t\t<\/div>\n\t\t\t\t\t<\/div>\n\t\t<\/div>\n\t\t\t\t\t<\/div>\n\t\t<\/section>\n\t\t\t\t<section class=\"elementor-section elementor-top-section elementor-element elementor-element-b41ee37 elementor-section-boxed elementor-section-gap-beside-yes elementor-section-height-default elementor-section-height-default elementor-section-column-vertical-align-stretch\" data-id=\"b41ee37\" data-element_type=\"section\">\n\t\t\t\t\t\t<div class=\"elementor-container elementor-column-gap-extended\">\n\t\t\t\t\t<div class=\"elementor-column elementor-col-50 elementor-top-column elementor-element elementor-element-bb9aefe\" data-id=\"bb9aefe\" data-element_type=\"column\">\n\t\t\t<div class=\"elementor-widget-wrap elementor-element-populated\">\n\t\t\t\t\t\t<div class=\"elementor-element elementor-element-eb82f2d elementor-widget elementor-widget-nuss-image\" data-id=\"eb82f2d\" data-element_type=\"widget\" data-widget_type=\"nuss-image.default\">\n\t\t\t\t<div class=\"elementor-widget-container\">\n\t\t\t\t\t\t\t\t\t\t<div class=\"elementor-image\">\r\n\t\t\t\t\t\t\t\t\t\t\t\t<img loading=\"lazy\" decoding=\"async\" width=\"414\" height=\"630\" src=\"https:\/\/cancamades.com\/wp-content\/uploads\/2022\/12\/Illa-Roja.avif\" class=\"attachment-full size-full wp-image-8798\" alt=\"Vibrant sunset over the ocean with a prominent rocky formation and sandy beach in the foreground, showcasing natural coastal beauty and serene seascape.\" \/>\t\t\t\t\t\t\t\t\t\t\t\t\t\t<\/div>\r\n\t\t\t\t\t\t\t\t<\/div>\n\t\t\t\t<\/div>\n\t\t\t\t\t<\/div>\n\t\t<\/div>\n\t\t\t\t<div class=\"elementor-column elementor-col-50 elementor-top-column elementor-element elementor-element-52e3b30\" data-id=\"52e3b30\" data-element_type=\"column\">\n\t\t\t<div class=\"elementor-widget-wrap elementor-element-populated\">\n\t\t\t\t\t\t<div class=\"elementor-element elementor-element-58b8620 elementor-widget elementor-widget-nuss-heading\" data-id=\"58b8620\" data-element_type=\"widget\" data-widget_type=\"nuss-heading.default\">\n\t\t\t\t<div class=\"elementor-widget-container\">\n\t\t\t\t\t\t\t<div class=\"nuss-modern-heading\">\r\n\t\t\t\r\n\t\t\t\t\t\t<div class=\"heading-primary-wrap\">\r\n\t\t\t\t<h2 class=\"heading-primary elementor-heading-title\">Illa Roja<\/h2>\t\t\t<\/div>\r\n\t\t\r\n\t\t\t\r\n\t\t\t\t\t\t<div class=\"heading-description-wrap\">\r\n\t\t\t\t<div class=\"heading-description\">\r\n\t\t\t\t\t<p>Cala on es practica el nudisme, \u00e9s una de les m\u00e9s grans despr\u00e9s de Sa Riera. Es caracteritza per estar presidit per un illot roc\u00f3s vermell\u00f3s d'on prov\u00e9 el seu nom. Calma, sense aglomeracions, sorra fina - magrana i aig\u00fces transparents.<\/p>\t\t\t\t<\/div>\r\n\t\t\t<\/div>\r\n\t\t\t\t<\/div>\r\n\t\t\t\t\t<\/div>\n\t\t\t\t<\/div>\n\t\t\t\t<div class=\"elementor-element elementor-element-627165e elementor-widget elementor-widget-button\" data-id=\"627165e\" data-element_type=\"widget\" data-widget_type=\"button.default\">\n\t\t\t\t<div class=\"elementor-widget-container\">\n\t\t\t\t\t\t\t\t\t<div class=\"elementor-button-wrapper\">\n\t\t\t\t\t<a class=\"elementor-button elementor-button-link elementor-size-sm\" href=\"https:\/\/goo.gl\/maps\/JSWsnFSGUkketkYo7\" target=\"_blank\">\n\t\t\t\t\t\t<span class=\"elementor-button-content-wrapper\">\n\t\t\t\t\t\t\t\t\t<span class=\"elementor-button-text\">Google Maps<\/span>\n\t\t\t\t\t<\/span>\n\t\t\t\t\t<\/a>\n\t\t\t\t<\/div>\n\t\t\t\t\t\t\t\t<\/div>\n\t\t\t\t<\/div>\n\t\t\t\t\t<\/div>\n\t\t<\/div>\n\t\t\t\t\t<\/div>\n\t\t<\/section>\n\t\t\t\t<section class=\"elementor-section elementor-top-section elementor-element elementor-element-083923f elementor-section-boxed elementor-section-gap-beside-yes elementor-section-height-default elementor-section-height-default elementor-section-column-vertical-align-stretch\" data-id=\"083923f\" data-element_type=\"section\">\n\t\t\t\t\t\t<div class=\"elementor-container elementor-column-gap-extended\">\n\t\t\t\t\t<div class=\"elementor-column elementor-col-50 elementor-top-column elementor-element elementor-element-0bf1014\" data-id=\"0bf1014\" data-element_type=\"column\">\n\t\t\t<div class=\"elementor-widget-wrap elementor-element-populated\">\n\t\t\t\t\t\t<div class=\"elementor-element elementor-element-6067040 elementor-widget elementor-widget-nuss-image\" data-id=\"6067040\" data-element_type=\"widget\" data-widget_type=\"nuss-image.default\">\n\t\t\t\t<div class=\"elementor-widget-container\">\n\t\t\t\t\t\t\t\t\t\t<div class=\"elementor-image\">\r\n\t\t\t\t\t\t\t\t\t\t\t\t<img loading=\"lazy\" decoding=\"async\" width=\"856\" height=\"432\" src=\"https:\/\/cancamades.com\/wp-content\/uploads\/2022\/12\/Platge-de-Pals.avif\" class=\"attachment-large size-large wp-image-8806\" alt=\"Can Camades beachfront with clear blue sea and sandy beach, popular destination in Mallorca for relaxing and sunbathing.\" \/>\t\t\t\t\t\t\t\t\t\t\t\t\t\t<\/div>\r\n\t\t\t\t\t\t\t\t<\/div>\n\t\t\t\t<\/div>\n\t\t\t\t\t<\/div>\n\t\t<\/div>\n\t\t\t\t<div class=\"elementor-column elementor-col-50 elementor-top-column elementor-element elementor-element-3c3d3b2\" data-id=\"3c3d3b2\" data-element_type=\"column\">\n\t\t\t<div class=\"elementor-widget-wrap elementor-element-populated\">\n\t\t\t\t\t\t<div class=\"elementor-element elementor-element-d51a579 elementor-widget elementor-widget-nuss-heading\" data-id=\"d51a579\" data-element_type=\"widget\" data-widget_type=\"nuss-heading.default\">\n\t\t\t\t<div class=\"elementor-widget-container\">\n\t\t\t\t\t\t\t<div class=\"nuss-modern-heading\">\r\n\t\t\t\r\n\t\t\t\t\t\t<div class=\"heading-primary-wrap\">\r\n\t\t\t\t<h2 class=\"heading-primary elementor-heading-title\">Platge de Pals<\/h2>\t\t\t<\/div>\r\n\t\t\r\n\t\t\t\r\n\t\t\t\t\t\t<div class=\"heading-description-wrap\">\r\n\t\t\t\t<div class=\"heading-description\">\r\n\t\t\t\t\t<p>Una platja immensa, de m\u00e9s de 2,4 km de llargada, que combina una zona m\u00e9s urbanitzada amb nombrosos serveis amb una altra pr\u00e0cticament verge, on destaquen les dunes i els itineraris que podem fer a peu o en bicicleta. Fins fa uns anys hi havia hagut aqu\u00ed les reconeixibles i altes antenes de Radio Liberty, que el govern nord-americ\u00e0 va utilitzar durant la Guerra Freda per emetre propaganda als pa\u00efsos comunistes del bloc de la Uni\u00f3 Sovi\u00e8tica. Ara, sense les antenes, aquest espai s'ha conservat de l'especulaci\u00f3 urban\u00edstica i \u00e9s un entorn natural. Tamb\u00e9 exposat a les onades i amb una forta entrada a l'aigua, l'aparcament m\u00e9s proper \u00e9s de pagament. La platja fa continu\u00eftat amb la de Grau (Pals) i la del Rac\u00f3 (Begur).<\/p>\t\t\t\t<\/div>\r\n\t\t\t<\/div>\r\n\t\t\t\t<\/div>\r\n\t\t\t\t\t<\/div>\n\t\t\t\t<\/div>\n\t\t\t\t<div class=\"elementor-element elementor-element-b40af6a elementor-widget elementor-widget-button\" data-id=\"b40af6a\" data-element_type=\"widget\" data-widget_type=\"button.default\">\n\t\t\t\t<div class=\"elementor-widget-container\">\n\t\t\t\t\t\t\t\t\t<div class=\"elementor-button-wrapper\">\n\t\t\t\t\t<a class=\"elementor-button elementor-button-link elementor-size-sm\" href=\"https:\/\/goo.gl\/maps\/LuYGopAzNgYxusmTA\" target=\"_blank\">\n\t\t\t\t\t\t<span class=\"elementor-button-content-wrapper\">\n\t\t\t\t\t\t\t\t\t<span class=\"elementor-button-text\">Google Maps<\/span>\n\t\t\t\t\t<\/span>\n\t\t\t\t\t<\/a>\n\t\t\t\t<\/div>\n\t\t\t\t\t\t\t\t<\/div>\n\t\t\t\t<\/div>\n\t\t\t\t\t<\/div>\n\t\t<\/div>\n\t\t\t\t\t<\/div>\n\t\t<\/section>\n\t\t\t\t<\/div>\n\t\t","protected":false},"excerpt":{"rendered":"<p>Emp\u00faries (15 minutes away) Antiga capital de la comarca d&#8217;Emp\u00faries, Sant Mart\u00ed d&#8217;Emp\u00faries \u00e9s actualment un poble amb encant caracteritzat per la conservaci\u00f3 d&#8217;una part important del seu llegat arquitect\u00f2nic medieval. De fet, Sant Mart\u00ed \u00e9s un nucli de poblaci\u00f3 que dep\u00e8n administrativament de la ve\u00efna l&#8217;Escala, i que pr\u00e0cticament no s&#8217;ha expandit fora de [&hellip;]<\/p>\n","protected":false},"author":1,"featured_media":0,"parent":0,"menu_order":0,"comment_status":"closed","ping_status":"closed","template":"elementor_header_footer","meta":{"_acf_changed":false,"_seopress_robots_primary_cat":"","_seopress_titles_title":"Platges i Cals de la Costa Brava | Guia Cancamades","_seopress_titles_desc":"Descobriu les millors platges i cals amagades de la Costa Brava. La vostra guia amb consells locals i fotos exclusives per a un bany inoblidable.","_seopress_robots_index":"","footnotes":""},"class_list":["post-7246","page","type-page","status-publish","hentry","post-no-thumbnail"],"acf":[],"_links":{"self":[{"href":"https:\/\/cancamades.com\/ca\/wp-json\/wp\/v2\/pages\/7246","targetHints":{"allow":["GET"]}}],"collection":[{"href":"https:\/\/cancamades.com\/ca\/wp-json\/wp\/v2\/pages"}],"about":[{"href":"https:\/\/cancamades.com\/ca\/wp-json\/wp\/v2\/types\/page"}],"author":[{"embeddable":true,"href":"https:\/\/cancamades.com\/ca\/wp-json\/wp\/v2\/users\/1"}],"replies":[{"embeddable":true,"href":"https:\/\/cancamades.com\/ca\/wp-json\/wp\/v2\/comments?post=7246"}],"version-history":[{"count":15,"href":"https:\/\/cancamades.com\/ca\/wp-json\/wp\/v2\/pages\/7246\/revisions"}],"predecessor-version":[{"id":10508,"href":"https:\/\/cancamades.com\/ca\/wp-json\/wp\/v2\/pages\/7246\/revisions\/10508"}],"wp:attachment":[{"href":"https:\/\/cancamades.com\/ca\/wp-json\/wp\/v2\/media?parent=7246"}],"curies":[{"name":"wp","href":"https:\/\/api.w.org\/{rel}","templated":true}]}}